{"id":974,"date":"2013-07-14T17:40:51","date_gmt":"2013-07-14T14:40:51","guid":{"rendered":"https:\/\/staging.teutsch.ro\/?page_id=974"},"modified":"2024-08-13T18:00:52","modified_gmt":"2024-08-13T15:00:52","slug":"intalniri-evenimente","status":"publish","type":"page","link":"https:\/\/teutsch.ro\/ro\/casateutsch\/intalniri-evenimente\/","title":{"rendered":"Dialog &#038; Evenimente"},"content":{"rendered":"\n<h1 class=\"wp-block-heading\">Un centru viu de dialog \u015fi cultur\u0103<\/h1>\n\n\n\n<p>O gam\u0103 larg\u0103 de evenimente culturale se desf\u0103\u015foar\u0103 \u00een sala multifunc\u0163ional\u0103 a Casei Teutsch. In mod regulat, noi sau alte institu\u0163ii organizeaz\u0103 \u00een sala multimedia expozi\u0163ii temporare, conferin\u0163e, cursuri \u00een cadrul unor proiecte, ateliere, seminarii, cursuri educative, evenimente festive \u015fi distractive pe tematici diverse.<\/p>\n\n\n\n<h3 class=\"wp-block-heading\">Art\u0103 \u015fi cultur\u0103<\/h3>\n\n\n\n<p>Printre institu\u0163iile sibiene care invit\u0103 la evenimente culturale ne num\u0103r\u0103m \u015fi noi. Pe l\u00e2ng\u0103 prezentarea unor obiecte din propriul patrimoniu, g\u0103zduim cu drag expozi\u0163ii ale unor arti\u015fti, mai ales a celor care au leg\u0103turi cu Biserica evanghelic\u0103, cu Transilvania \u015fi Rom\u00e2nia. De asemenea invit\u0103m din c\u00e2nd \u00een c\u00e2nd la lecturi \u015fi prezent\u0103ri de carte \u2013 deseori \u00een cooperare cu libr\u0103ria-cafenea Erasmus \u2013 c\u00e2t \u015fi la concerte sau activit\u0103\u0163i pedagogice \u015fi didactice. <a title=\"Expozi\u0163ii speciale la Casa Teutsch\" href=\"https:\/\/teutsch.ro\/ro\/intalniri-evenimente\/expozitii-temporare\/\">mai multe&#8230;<\/a><\/p>\n\n\n\n<h3 class=\"wp-block-heading\">Discu\u0163ii despre teme socio-politice<\/h3>\n\n\n\n<p>Ca un centru viu de dialog \u015fi cultur\u0103, noi cre\u0103m un cadru pentru discu\u0163ii \u015fi dezbateri pe teme istorice, sociale \u015fi religioase. Organiz\u0103m evenimente cu ocazia unor zile comemorative \u015fi anivers\u0103ri jubiliare \u015fi contribuim la p\u0103strarea \u015fi analiza memoriei civice \u015fi prin ciclurile noastre de conferin\u0163e. <a title=\"Discu\u0163ii \u015fi referate la Teutsch-Hauses\" href=\"https:\/\/teutsch.ro\/ro\/intalniri-evenimente\/conferinte\/\">mai multe&#8230;<\/a><\/p>\n\n\n\n<h3 class=\"wp-block-heading\">Educa\u0163ie \u015fi formare continu\u0103<\/h3>\n\n\n\n<p>Pentru departementele bisericii noastre oferim cadrul pentru cursuri de perfec\u0163ionare oferite de consilierii de specialitate sau comitetele executive ale organiza\u0163iilor respective, printre adresa\u0163i num\u0103r\u00e2ndu-se preo\u0163ii, lectorii mireni, voluntarii, \u00eenv\u0103\u0163\u0103torii de religie, asisten\u0163ii social, departamentul de tineret, organiza\u0163ia femeilor, etc. Noi conlucr\u0103m cu Inspectoratul \u015fcolar Sibiu, cu \u015fcolile \u015fi alte institu\u0163ii din domeniul educa\u0163iei pentru organizarea de proiecte (\u201e\u015ecoala altfel\u201c), serb\u0103ri, cursuri \u015fi folosirea colec\u0163iei de manuale istorice.<\/p>\n","protected":false},"excerpt":{"rendered":"<p>Un centru viu de dialog \u015fi cultur\u0103 O gam\u0103 larg\u0103 de evenimente culturale se desf\u0103\u015foar\u0103 \u00een sala multifunc\u0163ional\u0103 a Casei Teutsch. In mod regulat, noi sau alte institu\u0163ii organizeaz\u0103 \u00een sala multimedia expozi\u0163ii temporare, conferin\u0163e, cursuri \u00een cadrul unor proiecte, ateliere, seminarii, cursuri educative, evenimente festive \u015fi distractive pe tematici diverse. Art\u0103 \u015fi cultur\u0103 Printre [&hellip;]<\/p>\n","protected":false},"author":1,"featured_media":0,"parent":965,"menu_order":0,"comment_status":"closed","ping_status":"closed","template":"","meta":{"footnotes":""},"class_list":["post-974","page","type-page","status-publish","czr-hentry"],"_links":{"self":[{"href":"https:\/\/teutsch.ro\/ro\/wp-json\/wp\/v2\/pages\/974","targetHints":{"allow":["GET"]}}],"collection":[{"href":"https:\/\/teutsch.ro\/ro\/wp-json\/wp\/v2\/pages"}],"about":[{"href":"https:\/\/teutsch.ro\/ro\/wp-json\/wp\/v2\/types\/page"}],"author":[{"embeddable":true,"href":"https:\/\/teutsch.ro\/ro\/wp-json\/wp\/v2\/users\/1"}],"replies":[{"embeddable":true,"href":"https:\/\/teutsch.ro\/ro\/wp-json\/wp\/v2\/comments?post=974"}],"version-history":[{"count":7,"href":"https:\/\/teutsch.ro\/ro\/wp-json\/wp\/v2\/pages\/974\/revisions"}],"predecessor-version":[{"id":3393,"href":"https:\/\/teutsch.ro\/ro\/wp-json\/wp\/v2\/pages\/974\/revisions\/3393"}],"up":[{"embeddable":true,"href":"https:\/\/teutsch.ro\/ro\/wp-json\/wp\/v2\/pages\/965"}],"wp:attachment":[{"href":"https:\/\/teutsch.ro\/ro\/wp-json\/wp\/v2\/media?parent=974"}],"curies":[{"name":"wp","href":"https:\/\/api.w.org\/{rel}","templated":true}]}}