{"id":968,"date":"2013-07-14T17:18:23","date_gmt":"2013-07-14T14:18:23","guid":{"rendered":"https:\/\/staging.teutsch.ro\/?page_id=968"},"modified":"2024-08-16T12:25:39","modified_gmt":"2024-08-16T09:25:39","slug":"arhiva-biblioteca","status":"publish","type":"page","link":"https:\/\/teutsch.ro\/ro\/arhiva-biblioteca\/","title":{"rendered":"Arhiv\u0103 &#038; Bibliotec\u0103"},"content":{"rendered":"\n<div class=\"wp-block-columns is-layout-flex wp-container-core-columns-is-layout-9d6595d7 wp-block-columns-is-layout-flex\">\n<div class=\"wp-block-column is-layout-flow wp-block-column-is-layout-flow\" style=\"flex-basis:66.66%\">\n<h1 class=\"wp-block-heading\">P\u0103strarea culturii, men\u0163inerea vie a istoriei<\/h1>\n\n\n\n<p>Archiva Central\u0103 a Bisericii Evanghelice C.A. din Rom\u00e2nia a fost inaugurat\u0103 \u00een anul 2004 cu scopul de a conserva \u015fi a p\u0103stra m\u0103rturiile scrise din multe secole de existen\u0163\u0103 a comunit\u0103\u0163ilor s\u0103se\u015fti \u015fi evanghelice de pe teritoriul Rom\u00e2niei. Ca urmare a emigr\u0103rii masive a enoria\u015filor, multe arhive parohiale din teritoriu au fost desfiin\u0163ate sau au r\u0103mas f\u0103r\u0103 protec\u0163ie. De aceea, atribu\u0163ia Arhivei Centrale este de a aduna sistematic aceste valori culturale \u015fi de patrimoniu, de a le conserva \u015fi de a le pune la dispozi\u0163ia cercet\u0103torilor.<\/p>\n<\/div>\n\n\n\n<div class=\"wp-block-column is-layout-flow wp-block-column-is-layout-flow\" style=\"flex-basis:33.33%\">\n<figure class=\"wp-block-image size-large is-resized\"><a href=\"https:\/\/teutsch.ro\/wp-content\/uploads\/2024\/08\/Bibel-1.jpg\"><img loading=\"lazy\" decoding=\"async\" width=\"665\" height=\"525\" src=\"https:\/\/teutsch.ro\/wp-content\/uploads\/2024\/08\/Bibel-1-665x525.jpg\" alt=\"\" class=\"wp-image-3432\" style=\"width:343px;height:auto\" srcset=\"https:\/\/teutsch.ro\/wp-content\/uploads\/2024\/08\/Bibel-1-665x525.jpg 665w, https:\/\/teutsch.ro\/wp-content\/uploads\/2024\/08\/Bibel-1-200x158.jpg 200w, https:\/\/teutsch.ro\/wp-content\/uploads\/2024\/08\/Bibel-1-100x79.jpg 100w, https:\/\/teutsch.ro\/wp-content\/uploads\/2024\/08\/Bibel-1-768x606.jpg 768w, https:\/\/teutsch.ro\/wp-content\/uploads\/2024\/08\/Bibel-1.jpg 800w\" sizes=\"auto, (max-width: 665px) 100vw, 665px\" \/><\/a><figcaption class=\"wp-element-caption\">Biblia Luther, 1534, Wittenberg<\/figcaption><\/figure>\n<\/div>\n<\/div>\n\n\n\n<h3 class=\"wp-block-heading\">Biblioteca Transilvanica \u015fi colec\u0163ia de manuale<\/h3>\n\n\n\n<p>Casa noastr\u0103 posed\u0103 \u015fi se ocup\u0103 de colec\u0163ii de specialitate cum ar fi Biblioteca Transilvanica cu aprox. 20.000 de volume \u015fi colec\u0163ia de manuale ale \u015fcolilor germane din Transilvania, colec\u0163ie \u00eengrijit\u0103 de Friedrich Philippi. <a title=\"Colec\u0163iile Casei Teutsch\" href=\"https:\/\/teutsch.ro\/ro\/arhiva-biblioteca\/colectii\/\">mai multe&#8230;<\/a><\/p>\n\n\n\n<div style=\"height:10px\" aria-hidden=\"true\" class=\"wp-block-spacer\"><\/div>\n\n\n\n<h3 class=\"wp-block-heading\">Arhiva Central\u0103 a B.E.R.<\/h3>\n\n\n\n<p>Fondul arhivistic cuprinde actualmente ca. 2,7 kilometrii linerari \u015fi este inventarizat \u015fi accesibil cu ajutorul unor cataloage, liste de inventar \u015fi fi\u015fiere digitale. \u00cen prezent, 281 de fonduri arhivistice din arhive parohiale sunt ad\u0103postite aici, dintre care \u00een jur de 225 sunt deja accesibile. Pe l\u00e2ng\u0103 aceste fonduri sunt arhivate \u015fi l\u0103s\u0103minte \u015fi dona\u0163ii ale unor personalit\u0103\u0163i, c\u00e2t \u015fi colec\u0163ii de tablouri, grafic\u0103, afi\u015fe, h\u0103r\u0163i \u015fi planuri, sigilii, fotografii \u015fi filme, \u00eenregistr\u0103ri audio \u015fi altele. <a title=\"Arhiva Casei Teutsch\" href=\"https:\/\/teutsch.ro\/ro\/arhiva-biblioteca\/fonduri\/\">mai multe&#8230;<\/a><\/p>\n\n\n\n<div style=\"height:10px\" aria-hidden=\"true\" class=\"wp-block-spacer\"><\/div>\n\n\n\n<h3 class=\"wp-block-heading\">Accesarea fondurilor noastre arhivistice<\/h3>\n\n\n\n<p>Arhiva noastr\u0103 ofer\u0103 publicului interesat posibilitatea de a cereceta documente din istoria Transilvaniei, mai ales referitoare la Biserica evanghelic\u0103, popula\u0163ia s\u0103seasc\u0103 \u015fi istoria localit\u0103\u0163ilor s\u0103se\u015fti. Colaboratorii Arhivei Centrale sprijin\u0103 \u015fi \u00eendrum\u0103 creatorii de arhive pe plan national, districtual \u015fi local la \u00eentocmirea \u015fi p\u0103strarea arhivelor, a registraturilor \u015fi a bibliotecilor istorice aflate \u00een teritoriu. <a title=\"Accesarea fondurilor a Casei Teutsch\" href=\"https:\/\/teutsch.ro\/ro\/arhiva-biblioteca\/folosirea-arhivei\/\">mai multe&#8230;<\/a><\/p>\n\n\n\n<p>&nbsp;<\/p>\n","protected":false},"excerpt":{"rendered":"<p>P\u0103strarea culturii, men\u0163inerea vie a istoriei Archiva Central\u0103 a Bisericii Evanghelice C.A. din Rom\u00e2nia a fost inaugurat\u0103 \u00een anul 2004 cu scopul de a conserva \u015fi a p\u0103stra m\u0103rturiile scrise din multe secole de existen\u0163\u0103 a comunit\u0103\u0163ilor s\u0103se\u015fti \u015fi evanghelice de pe teritoriul Rom\u00e2niei. Ca urmare a emigr\u0103rii masive a enoria\u015filor, multe arhive parohiale din [&hellip;]<\/p>\n","protected":false},"author":1,"featured_media":0,"parent":0,"menu_order":0,"comment_status":"closed","ping_status":"closed","template":"","meta":{"footnotes":""},"class_list":["post-968","page","type-page","status-publish","czr-hentry"],"_links":{"self":[{"href":"https:\/\/teutsch.ro\/ro\/wp-json\/wp\/v2\/pages\/968","targetHints":{"allow":["GET"]}}],"collection":[{"href":"https:\/\/teutsch.ro\/ro\/wp-json\/wp\/v2\/pages"}],"about":[{"href":"https:\/\/teutsch.ro\/ro\/wp-json\/wp\/v2\/types\/page"}],"author":[{"embeddable":true,"href":"https:\/\/teutsch.ro\/ro\/wp-json\/wp\/v2\/users\/1"}],"replies":[{"embeddable":true,"href":"https:\/\/teutsch.ro\/ro\/wp-json\/wp\/v2\/comments?post=968"}],"version-history":[{"count":18,"href":"https:\/\/teutsch.ro\/ro\/wp-json\/wp\/v2\/pages\/968\/revisions"}],"predecessor-version":[{"id":3489,"href":"https:\/\/teutsch.ro\/ro\/wp-json\/wp\/v2\/pages\/968\/revisions\/3489"}],"wp:attachment":[{"href":"https:\/\/teutsch.ro\/ro\/wp-json\/wp\/v2\/media?parent=968"}],"curies":[{"name":"wp","href":"https:\/\/api.w.org\/{rel}","templated":true}]}}