{"id":2924,"date":"2024-08-12T15:05:21","date_gmt":"2024-08-12T12:05:21","guid":{"rendered":"https:\/\/staging.teutsch.ro\/?page_id=2924"},"modified":"2024-08-12T15:54:51","modified_gmt":"2024-08-12T12:54:51","slug":"despre-noi","status":"publish","type":"page","link":"https:\/\/teutsch.ro\/ro\/despre-noi\/","title":{"rendered":"Despre noi"},"content":{"rendered":"<p><img loading=\"lazy\" decoding=\"async\" class=\"size-full wp-image-2919 alignnone\" src=\"https:\/\/teutsch.ro\/wp-content\/uploads\/2024\/08\/100-Jahre-Johanniskirche_101112-17.jpg\" alt=\"\" width=\"1100\" height=\"599\" srcset=\"https:\/\/teutsch.ro\/wp-content\/uploads\/2024\/08\/100-Jahre-Johanniskirche_101112-17.jpg 1100w, https:\/\/teutsch.ro\/wp-content\/uploads\/2024\/08\/100-Jahre-Johanniskirche_101112-17-200x109.jpg 200w, https:\/\/teutsch.ro\/wp-content\/uploads\/2024\/08\/100-Jahre-Johanniskirche_101112-17-665x362.jpg 665w, https:\/\/teutsch.ro\/wp-content\/uploads\/2024\/08\/100-Jahre-Johanniskirche_101112-17-100x54.jpg 100w, https:\/\/teutsch.ro\/wp-content\/uploads\/2024\/08\/100-Jahre-Johanniskirche_101112-17-768x418.jpg 768w\" sizes=\"auto, (max-width: 1100px) 100vw, 1100px\" \/><\/p>\n<p>&nbsp;<\/p>\n<h3><span style=\"font-weight: 400;\">Profil \u0219i misiune<\/span><\/h3>\n<p><span style=\"font-weight: 400;\">Centrul de dialog \u0219i cultur\u0103 <\/span><i><span style=\"font-weight: 400;\">Friedrich Teutsch<\/span><\/i><span style=\"font-weight: 400;\"> al Bisericii Evanghelice C.A. din Rom\u00e2nia (BECAR) exist\u0103 din 2003 \u00een fostul orfelinat evanghelic din Sibiu de l\u00e2ng\u0103 Biserica Sf\u00e2ntul Ioan, cu misiunea de a p\u0103stra mo\u0219tenirea cultural\u0103 a bisericii noastre \u0219i de a o face rodnic\u0103 pentru comunitate.<\/span><\/p>\n<p><span style=\"font-weight: 400;\">Discutarea temelor culturale \u0219i a problemelor sociale \u00een mediul intercultural, cre\u0219tin-ecumenic din Transilvania este o preocupare a Centrului de dialog al Bisericii Evanghelice C.A. din Rom\u00e2nia. \u00centr-o abordare multi-perspectiv\u0103 a problemelor prezentului, ne inspir\u0103m \u0219i din comorile trecutului. Mo\u0219tenirea cultural\u0103 este o comoar\u0103 pe care fiecare genera\u021bie trebuie s\u0103 o redescopere, s\u0103 \u0219i-o \u00eensu\u0219easc\u0103 \u0219i s\u0103 o interpreteze pentru ea \u00eens\u0103\u0219i. Centrul de dialog \u0219i cultur\u0103 <\/span><i><span style=\"font-weight: 400;\">Friedrich Teutsch<\/span><\/i><span style=\"font-weight: 400;\"> se concentreaz\u0103, prin urmare, pe mai multe \u00eent\u00e2lniri: a oamenilor unii cu al\u021bii, cu Dumnezeu \u0219i lumea Sa \u2013 cu trecutul \u0219i viitorul, cu cei proprii \u0219i cu cei str\u0103ini, cu \u0219tiin\u021ba \u0219i arta, \u00eentr-un mediu profan \u0219i sacru.<\/span><\/p>\n<h3><i><span style=\"font-weight: 400;\">A p\u0103stra \u2013 a educa \u2013 a pune \u00een mi\u0219care<\/span><\/i><span style=\"font-weight: 400;\"> este motto-ul centrului de dialog.<\/span><\/h3>\n<p><span style=\"font-weight: 400;\">Oferte: Cercetare \u00een Arhiva Central\u0103 BECAR, vizite ghidate \u00een Muzeul Bisericesc, expozi\u021bii speciale, conferin\u021be, concerte.<\/span><\/p>\n<p><span style=\"font-weight: 400;\">Casa Teutsch editeaz\u0103 seria de publica\u021bii <\/span><i><span style=\"font-weight: 400;\">Miscellanea ecclesiastica<\/span><\/i><span style=\"font-weight: 400;\"> \u0219i este \u00een contact cu institu\u021bii partenere din \u021bar\u0103 \u0219i din str\u0103in\u0103tate.<\/span><\/p>\n<h3><span style=\"font-weight: 400;\">Echipa<\/span><\/h3>\n<p><span style=\"font-weight: 400;\">Personalul nostru se implic\u0103 \u00een mod constant \u00een \u00eendeplinirea sarcinilor \u0219i \u00een dezvoltarea casei:<\/span><\/p>\n<ul>\n<li style=\"font-weight: 400;\" aria-level=\"1\"><span style=\"font-weight: 400;\">Activitate cultural\u0103 \u0219i rela\u021bii publice: dr. Gerhild Rudolf, director al Teutsch-Haus.<\/span><\/li>\n<li style=\"font-weight: 400;\" aria-level=\"1\"><span style=\"font-weight: 400;\">Muzeu \u0219i bunuri culturale materiale: coordonatoarea muzeului Heidrun K\u00f6nig, custodele muzeului Peter Mihai.<\/span><\/li>\n<li style=\"font-weight: 400;\" aria-level=\"1\"><span style=\"font-weight: 400;\">Arhiva \u0219i Biblioteca Central\u0103: arhivist Monica Vlaicu, arhivist Monica Rus, arhivist \u0219i documentarist dr. Andr\u00e1s B\u00e1ndi, magazionerul Adrian Morar \u0219i bibliotecarul voluntar Friedrich Philippi.<\/span><\/li>\n<li style=\"font-weight: 400;\" aria-level=\"1\"><span style=\"font-weight: 400;\">Serviciu administrativ \u0219i tehnic: director tehnic Hans-J\u00fcrgen Binder, administrator Dumitru Had\u0103r, personal cur\u0103\u021benie Elisabeta Had\u0103r.<\/span><\/li>\n<\/ul>\n<p>&nbsp;<\/p>\n","protected":false},"excerpt":{"rendered":"<p>&nbsp; Profil \u0219i misiune Centrul de dialog \u0219i cultur\u0103 Friedrich Teutsch al Bisericii Evanghelice C.A. din Rom\u00e2nia (BECAR) exist\u0103 din 2003 \u00een fostul orfelinat evanghelic din Sibiu de l\u00e2ng\u0103 Biserica Sf\u00e2ntul Ioan, cu misiunea de a p\u0103stra mo\u0219tenirea cultural\u0103 a bisericii noastre \u0219i de a o face rodnic\u0103 pentru comunitate. Discutarea temelor culturale \u0219i a [&hellip;]<\/p>\n","protected":false},"author":1,"featured_media":0,"parent":0,"menu_order":0,"comment_status":"closed","ping_status":"closed","template":"","meta":{"footnotes":""},"class_list":["post-2924","page","type-page","status-publish","czr-hentry"],"_links":{"self":[{"href":"https:\/\/teutsch.ro\/ro\/wp-json\/wp\/v2\/pages\/2924","targetHints":{"allow":["GET"]}}],"collection":[{"href":"https:\/\/teutsch.ro\/ro\/wp-json\/wp\/v2\/pages"}],"about":[{"href":"https:\/\/teutsch.ro\/ro\/wp-json\/wp\/v2\/types\/page"}],"author":[{"embeddable":true,"href":"https:\/\/teutsch.ro\/ro\/wp-json\/wp\/v2\/users\/1"}],"replies":[{"embeddable":true,"href":"https:\/\/teutsch.ro\/ro\/wp-json\/wp\/v2\/comments?post=2924"}],"version-history":[{"count":4,"href":"https:\/\/teutsch.ro\/ro\/wp-json\/wp\/v2\/pages\/2924\/revisions"}],"predecessor-version":[{"id":2939,"href":"https:\/\/teutsch.ro\/ro\/wp-json\/wp\/v2\/pages\/2924\/revisions\/2939"}],"wp:attachment":[{"href":"https:\/\/teutsch.ro\/ro\/wp-json\/wp\/v2\/media?parent=2924"}],"curies":[{"name":"wp","href":"https:\/\/api.w.org\/{rel}","templated":true}]}}