{"id":1114,"date":"2013-10-06T13:38:15","date_gmt":"2013-10-06T10:38:15","guid":{"rendered":"https:\/\/staging.teutsch.ro\/?page_id=1114"},"modified":"2024-08-12T18:26:17","modified_gmt":"2024-08-12T15:26:17","slug":"publicatii","status":"publish","type":"page","link":"https:\/\/teutsch.ro\/ro\/casateutsch\/publicatii\/","title":{"rendered":"Publica\u0163ii"},"content":{"rendered":"<h3 dir=\"ltr\">Seria \u201cMiscellanea ecclesiastica\u201d<\/h3>\n<p dir=\"ltr\"><strong>Publica\u0163ii ale Arhivei Centrale a Bisericii Evanghelice C.A. din Rom\u00e2nia<\/strong><\/p>\n<p>&nbsp;<\/p>\n<p><img loading=\"lazy\" decoding=\"async\" class=\"alignleft wp-image-3009\" src=\"https:\/\/teutsch.ro\/wp-content\/uploads\/2024\/08\/TH-MR23-COVER-Final-BT-1-200x242.jpg\" alt=\"\" width=\"143\" height=\"174\" srcset=\"https:\/\/teutsch.ro\/wp-content\/uploads\/2024\/08\/TH-MR23-COVER-Final-BT-1-200x242.jpg 200w, https:\/\/teutsch.ro\/wp-content\/uploads\/2024\/08\/TH-MR23-COVER-Final-BT-1-100x121.jpg 100w, https:\/\/teutsch.ro\/wp-content\/uploads\/2024\/08\/TH-MR23-COVER-Final-BT-1.jpg 544w\" sizes=\"auto, (max-width: 143px) 100vw, 143px\" \/>25. (2023)<br \/>\n<strong>\u201eMigrationsgrund Religionsfreiheit. Siebenb\u00fcrgische Pers\u00f6nlichkeiten aus dem 16.-20. Jahrhundert \/ Libertatea religioas\u0103 ca motiv al migra\u021biei. Personalit\u0103\u021bi ale Transilvaniei secolelor XVI-XX\u201d (DE\/RO)<\/strong><br \/>\nAusstellungskatalog<br \/>\nText: K\u00f6nig, Heidrun (Museumsleiterin, Ausstellungskuratorin) \/ Layout: Jammer, Stefan<br \/>\nMiscellanea ecclesiastica des ZAEKR Sibiu\/Hermannstadt, Bd. XXV<br \/>\nHerausgegeben vom DFDH<br \/>\nHonterus Verlag Sibiu\/Hermannstadt 2023<br \/>\nISBN 978-606-008-134-0<\/p>\n<p>&nbsp;<\/p>\n<p><img loading=\"lazy\" decoding=\"async\" class=\"alignleft wp-image-3006\" src=\"https:\/\/teutsch.ro\/wp-content\/uploads\/2024\/08\/Evangelische-Migrationsgeschichten-Begleitband-zum-europaeischen-Ausstellungsprojekt-2023-200x252.jpg\" alt=\"\" width=\"145\" height=\"183\" srcset=\"https:\/\/teutsch.ro\/wp-content\/uploads\/2024\/08\/Evangelische-Migrationsgeschichten-Begleitband-zum-europaeischen-Ausstellungsprojekt-2023-200x252.jpg 200w, https:\/\/teutsch.ro\/wp-content\/uploads\/2024\/08\/Evangelische-Migrationsgeschichten-Begleitband-zum-europaeischen-Ausstellungsprojekt-2023-529x665.jpg 529w, https:\/\/teutsch.ro\/wp-content\/uploads\/2024\/08\/Evangelische-Migrationsgeschichten-Begleitband-zum-europaeischen-Ausstellungsprojekt-2023-100x126.jpg 100w, https:\/\/teutsch.ro\/wp-content\/uploads\/2024\/08\/Evangelische-Migrationsgeschichten-Begleitband-zum-europaeischen-Ausstellungsprojekt-2023.jpg 687w\" sizes=\"auto, (max-width: 145px) 100vw, 145px\" \/>24. (2023)<br \/>\n<strong>\u201eEvangelische Migrationsgeschichte(n). Begleitband zum europ\u00e4ischen Ausstellungsprojekt 2023\u201c<\/strong><br \/>\nGreif, Thomas\/Thurnwald, Andrea K. (Hg.)<br \/>\n(Mit Beitr\u00e4gen u.a. von Heidrun K\u00f6nig und Dr. Gerhild Rudolf)<br \/>\nMiscellanea ecclesiastica des ZAEKR Sibiu\/Hermannstadt, Bd. XXIV<br \/>\nKunstverlag Josef Fink Lindenberg i.A.<br \/>\nISBN 978-3-95976-426-1<\/p>\n<p>&nbsp;<\/p>\n<p><img loading=\"lazy\" decoding=\"async\" class=\"alignleft wp-image-3003\" src=\"https:\/\/teutsch.ro\/wp-content\/uploads\/2024\/08\/FB-Cover-3F4_Bildgroesse-aendern-200x267.jpg\" alt=\"\" width=\"148\" height=\"198\" srcset=\"https:\/\/teutsch.ro\/wp-content\/uploads\/2024\/08\/FB-Cover-3F4_Bildgroesse-aendern-200x267.jpg 200w, https:\/\/teutsch.ro\/wp-content\/uploads\/2024\/08\/FB-Cover-3F4_Bildgroesse-aendern-499x665.jpg 499w, https:\/\/teutsch.ro\/wp-content\/uploads\/2024\/08\/FB-Cover-3F4_Bildgroesse-aendern-100x133.jpg 100w, https:\/\/teutsch.ro\/wp-content\/uploads\/2024\/08\/FB-Cover-3F4_Bildgroesse-aendern-768x1024.jpg 768w, https:\/\/teutsch.ro\/wp-content\/uploads\/2024\/08\/FB-Cover-3F4_Bildgroesse-aendern-1152x1536.jpg 1152w, https:\/\/teutsch.ro\/wp-content\/uploads\/2024\/08\/FB-Cover-3F4_Bildgroesse-aendern-1536x2048.jpg 1536w, https:\/\/teutsch.ro\/wp-content\/uploads\/2024\/08\/FB-Cover-3F4_Bildgroesse-aendern-scaled.jpg 1920w\" sizes=\"auto, (max-width: 148px) 100vw, 148px\" \/>23. (2021)<br \/>\n<strong>\u201eArchitekt Fritz Balthes. Sein Wirken und Schaffen als Beitrag zum Siebenb\u00fcrgischen Kulturerbe\u201c<\/strong><br \/>\nRudolf, Gerhild\/Fabini, Hermann (Hg.)<br \/>\nAutoren: Mit Beitr\u00e4gen von Dr. Hansotto Drotloff, Dr. Hermann Fabini, Gy\u00f6ngyv\u00e9r Foth, Dr. Timo Hagen, Stefan Jammer, Konrad Klein, Heidrun K\u00f6nig, Dr. Michael Li\u00dfke, Dr. Gerhild Rudolf, Dr. Irmgard Sedler, Werner Sedler.<br \/>\nMiscellanea ecclesiastica des ZAEKR Sibiu\/Hermannstadt, Bd. XXIII<br \/>\nHonterus Verlag Sibiu\/Hermannstadt 2021<br \/>\nISBN 978-606-0-08097-8, 275 Seiten, Auflage: 500 Ex.<\/p>\n<p>&nbsp;<\/p>\n<p><img loading=\"lazy\" decoding=\"async\" class=\"alignleft wp-image-2999\" src=\"https:\/\/teutsch.ro\/wp-content\/uploads\/2024\/08\/PEJA-21x28-Final-280621-BT-Copy-1-200x269.jpg\" alt=\"\" width=\"151\" height=\"204\" srcset=\"https:\/\/teutsch.ro\/wp-content\/uploads\/2024\/08\/PEJA-21x28-Final-280621-BT-Copy-1-200x269.jpg 200w, https:\/\/teutsch.ro\/wp-content\/uploads\/2024\/08\/PEJA-21x28-Final-280621-BT-Copy-1-495x665.jpg 495w, https:\/\/teutsch.ro\/wp-content\/uploads\/2024\/08\/PEJA-21x28-Final-280621-BT-Copy-1-100x134.jpg 100w, https:\/\/teutsch.ro\/wp-content\/uploads\/2024\/08\/PEJA-21x28-Final-280621-BT-Copy-1.jpg 604w\" sizes=\"auto, (max-width: 151px) 100vw, 151px\" \/>F\u0103r\u0103 num\u0103r (2021)<br \/>\n<strong>\u201ePeter Jacobi. BRUKENTHAL 300 (1721 \u2013 2021). Ideen f\u00fcr ein Denkmal. Collagen und Modelle. \/ Idei pentru un monument, Colaje \u0219i machete.\u201c (DE\/RO)<\/strong><br \/>\nAusstellungskatalog<br \/>\nText: K\u00f6nig, Heidrun (Museumsleiterin, Ausstellungskuratorin) \/ Grafik: Jammer, Stefan und Bott, Vera<br \/>\nF\u0103r\u0103 ISBN<\/p>\n<p>&nbsp;<\/p>\n<p>&nbsp;<\/p>\n<p><img loading=\"lazy\" decoding=\"async\" class=\"alignleft size-medium wp-image-2996\" src=\"https:\/\/teutsch.ro\/wp-content\/uploads\/2024\/08\/Panorama-Hermannstadt-Sibiu-2005-2020-Okazii-ro-200x142.png\" alt=\"\" width=\"200\" height=\"142\" srcset=\"https:\/\/teutsch.ro\/wp-content\/uploads\/2024\/08\/Panorama-Hermannstadt-Sibiu-2005-2020-Okazii-ro-200x142.png 200w, https:\/\/teutsch.ro\/wp-content\/uploads\/2024\/08\/Panorama-Hermannstadt-Sibiu-2005-2020-Okazii-ro-665x472.png 665w, https:\/\/teutsch.ro\/wp-content\/uploads\/2024\/08\/Panorama-Hermannstadt-Sibiu-2005-2020-Okazii-ro-100x71.png 100w, https:\/\/teutsch.ro\/wp-content\/uploads\/2024\/08\/Panorama-Hermannstadt-Sibiu-2005-2020-Okazii-ro-768x545.png 768w, https:\/\/teutsch.ro\/wp-content\/uploads\/2024\/08\/Panorama-Hermannstadt-Sibiu-2005-2020-Okazii-ro.png 878w\" sizes=\"auto, (max-width: 200px) 100vw, 200px\" \/>22. (2020)<br \/>\n<strong>\u201ePANORAMA Hermannstadt I Sibiu 2005-2020\u201c<\/strong><br \/>\nJammer, Stefan (Fotografie) \/ K\u00f6nig, Heidrun (Text), Museumleiterin, Ausstellungskuratorin<br \/>\nMiscellanea ecclesiastica des ZAEKR Sibiu\/Hermannstadt, Bd. XXII<br \/>\nHonterus Verlag Sibiu\/Hermannstadt 2020<br \/>\nISBN 978-606-008-059-6<\/p>\n<p>&nbsp;<\/p>\n<p><img loading=\"lazy\" decoding=\"async\" class=\"alignleft wp-image-2982\" src=\"https:\/\/teutsch.ro\/wp-content\/uploads\/2024\/08\/51YHBbeI-L._AC_UF8941000_QL80_-200x287.jpg\" alt=\"\" width=\"136\" height=\"195\" srcset=\"https:\/\/teutsch.ro\/wp-content\/uploads\/2024\/08\/51YHBbeI-L._AC_UF8941000_QL80_-200x287.jpg 200w, https:\/\/teutsch.ro\/wp-content\/uploads\/2024\/08\/51YHBbeI-L._AC_UF8941000_QL80_-463x665.jpg 463w, https:\/\/teutsch.ro\/wp-content\/uploads\/2024\/08\/51YHBbeI-L._AC_UF8941000_QL80_-100x144.jpg 100w, https:\/\/teutsch.ro\/wp-content\/uploads\/2024\/08\/51YHBbeI-L._AC_UF8941000_QL80_.jpg 696w\" sizes=\"auto, (max-width: 136px) 100vw, 136px\" \/>21. (2020)<br \/>\n<strong>\u201eLebensweg in Siebenb\u00fcrgen. Festreden und Nachrufe\u201c<\/strong><br \/>\nKlein, Christoph<br \/>\nMiscellanea ecclesiastica des ZAEKR Sibiu\/Hermannstadt, Bd. XXI<br \/>\nSchiller Verlag Sibiu\/Hermannstadt-Bonn 2020<br \/>\nISBN 978-3-946954-71-2<\/p>\n<p>&nbsp;<\/p>\n<p>&nbsp;<\/p>\n<p><strong><img loading=\"lazy\" decoding=\"async\" class=\"alignleft wp-image-2988\" src=\"https:\/\/teutsch.ro\/wp-content\/uploads\/2024\/08\/C-GR-200x286.png\" alt=\"\" width=\"137\" height=\"196\" srcset=\"https:\/\/teutsch.ro\/wp-content\/uploads\/2024\/08\/C-GR-200x286.png 200w, https:\/\/teutsch.ro\/wp-content\/uploads\/2024\/08\/C-GR-464x665.png 464w, https:\/\/teutsch.ro\/wp-content\/uploads\/2024\/08\/C-GR-100x143.png 100w, https:\/\/teutsch.ro\/wp-content\/uploads\/2024\/08\/C-GR-768x1100.png 768w, https:\/\/teutsch.ro\/wp-content\/uploads\/2024\/08\/C-GR.png 810w\" sizes=\"auto, (max-width: 137px) 100vw, 137px\" \/><\/strong>20. (2019)<br \/>\n<strong>\u201eWurzeln und Wege \u2013 Soziolinguistische Studie zur kirchlichen Sprachenwahl der Siebenb\u00fcrger Sachsen\u201c (Dissertation an der Lucian-Blaga-Universit\u00e4t in Hermannstadt)<\/strong><br \/>\nRudolf, Gerhild (Leiterin des Begegnungs- und Kulturzentrums Friedrich Teutsch der EKR)<br \/>\nMiscellanea ecclesiastica des ZAEKR Sibiu\/Hermannstadt, Bd. XX<br \/>\nHerausgegeben vom DFDH<br \/>\nSatz: hora<br \/>\nDruck: Honterus Hermannstadt 2019<br \/>\nISBN 978-606-0-08037-4<\/p>\n<p>&nbsp;<\/p>\n<p><img loading=\"lazy\" decoding=\"async\" class=\"alignleft wp-image-2979\" src=\"https:\/\/teutsch.ro\/wp-content\/uploads\/2024\/08\/Fwd-Katalog-Ausstellung-INCOGNITO-stefan-pluspole-com-Pluspole-Mail-200x246.png\" alt=\"\" width=\"181\" height=\"222\" srcset=\"https:\/\/teutsch.ro\/wp-content\/uploads\/2024\/08\/Fwd-Katalog-Ausstellung-INCOGNITO-stefan-pluspole-com-Pluspole-Mail-200x246.png 200w, https:\/\/teutsch.ro\/wp-content\/uploads\/2024\/08\/Fwd-Katalog-Ausstellung-INCOGNITO-stefan-pluspole-com-Pluspole-Mail-541x665.png 541w, https:\/\/teutsch.ro\/wp-content\/uploads\/2024\/08\/Fwd-Katalog-Ausstellung-INCOGNITO-stefan-pluspole-com-Pluspole-Mail-100x123.png 100w, https:\/\/teutsch.ro\/wp-content\/uploads\/2024\/08\/Fwd-Katalog-Ausstellung-INCOGNITO-stefan-pluspole-com-Pluspole-Mail-768x944.png 768w, https:\/\/teutsch.ro\/wp-content\/uploads\/2024\/08\/Fwd-Katalog-Ausstellung-INCOGNITO-stefan-pluspole-com-Pluspole-Mail.png 795w\" sizes=\"auto, (max-width: 181px) 100vw, 181px\" \/>19. (2019)<br \/>\n<strong>\u201eINCOGNITO. Verborgene Heilige \u2013 stille Gnadenzeugen der nachreformatorischen Zeit.\/ Sfin\u021bi incognito dup\u0103 Reform\u0103 \u2013 martori t\u0103cu\u021bi ai Harului.\u201c (DE\/RO)<\/strong><br \/>\nAusstellungskatalog<br \/>\nK\u00f6nig, Heidrun (Ausstellungskuratorin) \/ Jammer, Stefan (Layout)<br \/>\nMiscellanea ecclesiastica des ZAEKR Sibiu\/Hermannstadt, Bd. XIX<br \/>\nHerausgegeben vom DFDH<br \/>\nHonterus Verlag Sibiu\/Hermannstadt 2019<br \/>\nISBN 978-606-0-08036-7<\/p>\n<p>&nbsp;<\/p>\n<p><img loading=\"lazy\" decoding=\"async\" class=\"alignleft wp-image-2983\" src=\"https:\/\/teutsch.ro\/wp-content\/uploads\/2024\/08\/51YHBbeI-L._AC_UF8941000_QL80_-200x287.jpg\" alt=\"\" width=\"141\" height=\"202\" srcset=\"https:\/\/teutsch.ro\/wp-content\/uploads\/2024\/08\/51YHBbeI-L._AC_UF8941000_QL80_-200x287.jpg 200w, https:\/\/teutsch.ro\/wp-content\/uploads\/2024\/08\/51YHBbeI-L._AC_UF8941000_QL80_-463x665.jpg 463w, https:\/\/teutsch.ro\/wp-content\/uploads\/2024\/08\/51YHBbeI-L._AC_UF8941000_QL80_-100x144.jpg 100w, https:\/\/teutsch.ro\/wp-content\/uploads\/2024\/08\/51YHBbeI-L._AC_UF8941000_QL80_.jpg 696w\" sizes=\"auto, (max-width: 141px) 100vw, 141px\" \/>F\u0103r\u0103 num\u0103r, 2018<br \/>\n<strong>Zwischen Gestern und Morgen. Aufs\u00e4tze und Beitr\u00e4ge aus dem Leben der Siebenb\u00fcrger Sachsen<\/strong><br \/>\nWolfgang H. Rehner, Bibliothekar im Zentralarchiv der EKR<br \/>\nHonterus, Hermannstadt, 2018. Editor FDG Sibiu, Finan\u021bare DRI.<br \/>\nISBN: 606008009X 354 Seiten.<\/p>\n<p>&nbsp;<\/p>\n<p>&nbsp;<\/p>\n<p><img loading=\"lazy\" decoding=\"async\" class=\"wp-image-2975 alignleft\" src=\"https:\/\/teutsch.ro\/wp-content\/uploads\/2024\/08\/417FnuwAjcL-194x300.jpg\" alt=\"\" width=\"135\" height=\"209\" srcset=\"https:\/\/teutsch.ro\/wp-content\/uploads\/2024\/08\/417FnuwAjcL-194x300.jpg 194w, https:\/\/teutsch.ro\/wp-content\/uploads\/2024\/08\/417FnuwAjcL-97x150.jpg 97w, https:\/\/teutsch.ro\/wp-content\/uploads\/2024\/08\/417FnuwAjcL.jpg 324w\" sizes=\"auto, (max-width: 135px) 100vw, 135px\" \/><\/p>\n<p>F\u0103r\u0103 num\u0103r, 2018<br \/>\n<strong>Adolf Schullerus (1864\u20131928). Korrespondenzen und Vortr\u00e4ge des siebenb\u00fcrgischen Pfarrers, Gelehrten und Politikers<\/strong><br \/>\n<a title=\"Nach Monica Vlaicu suchen\" href=\"https:\/\/www.lehmanns.de\/search\/new\/author\/Monica+Vlaicu?PHPSESSID=dc63k5t4ehc9hvjq4catqofivuhqud95\">Monica Vlaicu<\/a>\u00a0(Herausgeber), Archivarin im Zentralarchiv der EKR<br \/>\nB\u00f6hlau Verlag, K\u00f6ln, 2018. Herausgegeben vom Arbeitskreis f. Siebenb\u00fcrgische Landeskunde<br \/>\nISBN 978-3-412-51114-2, 368 p.<\/p>\n<p>&nbsp;<\/p>\n<p>&nbsp;<\/p>\n<p><img loading=\"lazy\" decoding=\"async\" class=\"alignleft wp-image-2972\" src=\"https:\/\/teutsch.ro\/wp-content\/uploads\/2024\/08\/70791-200x295.jpg\" alt=\"\" width=\"136\" height=\"200\" srcset=\"https:\/\/teutsch.ro\/wp-content\/uploads\/2024\/08\/70791-200x295.jpg 200w, https:\/\/teutsch.ro\/wp-content\/uploads\/2024\/08\/70791-100x147.jpg 100w, https:\/\/teutsch.ro\/wp-content\/uploads\/2024\/08\/70791.jpg 285w\" sizes=\"auto, (max-width: 136px) 100vw, 136px\" \/>18. (2018)<br \/>\n<strong>Siebenb\u00fcrgische Erinnerungsorte in Lebensbildern<\/strong><br \/>\nChristoph Klein<br \/>\n<i>Miscellanea ecclesiastica<\/i>\u00a0des ZAEKR Sibiu\/Hermannstadt, Bd. XVIII., 2018.<br \/>\nSchiller Verlag, Hermannstadt.<br \/>\nISBN 978-3946954354, 173 p.<\/p>\n<p>&nbsp;<\/p>\n<p><img loading=\"lazy\" decoding=\"async\" class=\"alignleft wp-image-2968\" src=\"https:\/\/teutsch.ro\/wp-content\/uploads\/2024\/08\/HH-18x22-B-Final-Cover-4C-BT-1-200x247.jpg\" alt=\"\" width=\"150\" height=\"185\" srcset=\"https:\/\/teutsch.ro\/wp-content\/uploads\/2024\/08\/HH-18x22-B-Final-Cover-4C-BT-1-200x247.jpg 200w, https:\/\/teutsch.ro\/wp-content\/uploads\/2024\/08\/HH-18x22-B-Final-Cover-4C-BT-1-100x124.jpg 100w, https:\/\/teutsch.ro\/wp-content\/uploads\/2024\/08\/HH-18x22-B-Final-Cover-4C-BT-1.jpg 519w\" sizes=\"auto, (max-width: 150px) 100vw, 150px\" \/>17. (2018)<br \/>\n<strong>Hans Hermann. Ein Wiedersehen\/Re\u00eent\u00e2lnire. Graphik aus sechs Jahrzehnten\/Grafic\u0103 din \u015fase decenii. Ausstellungskatalog<\/strong>\u00a0<strong>(DE\/RO)<\/strong><br \/>\nK\u00f6nig, Heidrun.<br \/>\n<i>Miscellanea ecclesiastica<\/i>\u00a0des ZAEKR Sibiu\/Hermannstadt, Bd. XVII., 2018.<br \/>\nHonterus Verlag, Hermannstadt.<br \/>\n\u2013 f\u0103r\u0103 ISBN-Nr., 32 p., tiraj: 250. (Finan\u021bare FDG Sibiu, DRI, Fam. Hermann)\u00a0+tiraj 2: 100.<\/p>\n<p>&nbsp;<\/p>\n<p><img loading=\"lazy\" decoding=\"async\" class=\"alignleft wp-image-2958\" src=\"https:\/\/teutsch.ro\/wp-content\/uploads\/2024\/08\/R500-23x32-B-141217-1-200x278.jpg\" alt=\"\" width=\"154\" height=\"214\" srcset=\"https:\/\/teutsch.ro\/wp-content\/uploads\/2024\/08\/R500-23x32-B-141217-1-200x278.jpg 200w, https:\/\/teutsch.ro\/wp-content\/uploads\/2024\/08\/R500-23x32-B-141217-1-478x665.jpg 478w, https:\/\/teutsch.ro\/wp-content\/uploads\/2024\/08\/R500-23x32-B-141217-1-100x139.jpg 100w, https:\/\/teutsch.ro\/wp-content\/uploads\/2024\/08\/R500-23x32-B-141217-1.jpg 552w\" sizes=\"auto, (max-width: 154px) 100vw, 154px\" \/>16. (2017)<br \/>\n<strong>REFORMATIO TRANSILVANIAE 500. Wichtige Urkunden zur Reformation der Evangelsichen Kirche Aaugsburgischen Bekenntnisses in Rum\u00e4nien \/ Documente importante ale Reformei privind Biserica Evanghelic\u0103 de Confesiune Augustan\u0103 din Rom\u00e2nia.<\/strong>\u00a0<strong>(DE\/RO)<\/strong><br \/>\nK\u00f6nig, Heidrun\/Pitters, Hermann.<br \/>\n<i>Miscellanea ecclesiastica<\/i>\u00a0des ZAEKR Sibiu\/Hermannstadt, Bd. XVI., 2017.<br \/>\nEditura Honterus, Sibiu, 2017<br \/>\nISBN 978-606-8573-97-7, 146 p., tiraj: 300. (Finan\u021bare FDG Sibiu, LA K\u00e4rnten)<\/p>\n<p>&nbsp;<\/p>\n<p><img loading=\"lazy\" decoding=\"async\" class=\"alignleft wp-image-2956\" src=\"https:\/\/teutsch.ro\/wp-content\/uploads\/2024\/08\/ESKH-18x225-Final-1-200x252.jpg\" alt=\"\" width=\"154\" height=\"194\" srcset=\"https:\/\/teutsch.ro\/wp-content\/uploads\/2024\/08\/ESKH-18x225-Final-1-200x252.jpg 200w, https:\/\/teutsch.ro\/wp-content\/uploads\/2024\/08\/ESKH-18x225-Final-1-100x126.jpg 100w, https:\/\/teutsch.ro\/wp-content\/uploads\/2024\/08\/ESKH-18x225-Final-1.jpg 519w\" sizes=\"auto, (max-width: 154px) 100vw, 154px\" \/>15. (2017)<br \/>\n<strong>Die Hermannst\u00e4dter Stadtpfarrkirche als Erinnerungsort. Zug\u00e4nge zum Bau und seinen Funktionen in der Zeit \/ Catedrala evanghelic\u0103, biserica parohial\u0103 a Sibiului istoric \u2013 loc al memoriei. O prezentare a edificiului \u015fi a func\u0163iilor sale de-a lungul timpului.<\/strong>\u00a0<strong>(DE\/RO)<\/strong><br \/>\nK\u00f6nig, Heidrun\/Rudolf, Gerhild.<br \/>\n<i>Miscellanea ecclesiastica<\/i>\u00a0des ZAEKR Sibiu\/Hermannstadt, Bd. XV., 2017.<br \/>\nEditura Honterus, Sibiu<br \/>\nISBN 978-606-8573-92-2, 56 p, tiraj: 750.<\/p>\n<p>&nbsp;<\/p>\n<p><img loading=\"lazy\" decoding=\"async\" class=\"alignleft wp-image-2954\" src=\"https:\/\/teutsch.ro\/wp-content\/uploads\/2024\/08\/SB-200x200.jpg\" alt=\"\" width=\"146\" height=\"146\" srcset=\"https:\/\/teutsch.ro\/wp-content\/uploads\/2024\/08\/SB-200x200.jpg 200w, https:\/\/teutsch.ro\/wp-content\/uploads\/2024\/08\/SB-100x100.jpg 100w, https:\/\/teutsch.ro\/wp-content\/uploads\/2024\/08\/SB-510x510.jpg 510w, https:\/\/teutsch.ro\/wp-content\/uploads\/2024\/08\/SB.jpg 567w\" sizes=\"auto, (max-width: 146px) 100vw, 146px\" \/>F\u0103r\u0103 num\u0103r, 2016<br \/>\n<strong>Sieglinde Bottesch, TRANSSYLVANIA MYTHOLOGICA. Siebenb\u00fcrgisch-s\u00e4chsische Sagen und Sprichw\u00f6rter in Bildern \/ Legende \u015fi proverbe s\u0103se\u015fti \u00een imagini.<\/strong>\u00a0 Ausstellungskatalog, ohne Msc.eccl.-Nr.) <strong>(DE\/RO)<\/strong><br \/>\nISBN: 978-606-8573-50-2, 32 p., tiraj: 250. (Finan\u021bare FRG Sibiu, DRI, Casa Teutsch)<\/p>\n<p>&nbsp;<\/p>\n<p dir=\"ltr\"><strong><img loading=\"lazy\" decoding=\"async\" class=\"alignleft\" src=\"https:\/\/teutsch.ro\/wp-content\/uploads\/2013\/04\/HH-K-Final-NEU-1-200x130.jpg\" alt=\"HH-K-Final-NEU-1\" width=\"200\" height=\"130\" \/>Hans Hermann &#8230; bekannt, unbekannt. Gem\u00e4lde aus dem Familienbesitz<\/strong><\/p>\n<p>Ausstellungskatalog<br \/>\nK\u00f6nig, Heidrun\/Jammer, Stefan.<br \/>\nMiscellanea ecclesiastica des ZAEKR Sibiu\/Hermannststadt, Bd. XIV<br \/>\nEigenverlag, Hermannstadt 2015<br \/>\nISBN: 9789730194067<\/p>\n<p>&nbsp;<\/p>\n<p dir=\"ltr\"><strong><img loading=\"lazy\" decoding=\"async\" class=\"alignleft\" src=\"https:\/\/teutsch.ro\/wp-content\/uploads\/2013\/04\/50956-200x289.jpg\" alt=\"50956\" width=\"126\" height=\"182\" \/>Geistliche Leitbilder und Weggef\u00e4hrten. Betrachtungen<\/strong><\/p>\n<p>Klein, Christoph<br \/>\nMiscellanea ecclesiastica des ZAEKR Sibiu\/Hermannststadt, Bd. XIII<br \/>\nSchiller Verlag Bonn \u2013 Hermannstadt 2015<br \/>\nISBN 9783944529493<\/p>\n<p>&nbsp;<\/p>\n<p><img loading=\"lazy\" decoding=\"async\" class=\"alignleft wp-image-2965\" src=\"https:\/\/teutsch.ro\/wp-content\/uploads\/2024\/08\/BB-A5-A2-1-200x142.jpg\" alt=\"\" width=\"142\" height=\"101\" srcset=\"https:\/\/teutsch.ro\/wp-content\/uploads\/2024\/08\/BB-A5-A2-1-200x142.jpg 200w, https:\/\/teutsch.ro\/wp-content\/uploads\/2024\/08\/BB-A5-A2-1-100x71.jpg 100w, https:\/\/teutsch.ro\/wp-content\/uploads\/2024\/08\/BB-A5-A2-1.jpg 612w\" sizes=\"auto, (max-width: 142px) 100vw, 142px\" \/>f\u0103r\u0103 num\u0103r, 2014<br \/>\n<strong>Patrie zidit\u0103. Arhitectul Fritz Balthes, 1882-1914<\/strong>\u00a0<strong>(lb. rom\u00e2n\u0103)<\/strong><br \/>\nRudolf, Gerhild. Fotos: Jammer, Stefan<br \/>\nSmartPrint Sibiu, 16 p., tiraj: 200, (Finan\u021bare: Ordinul Arhitec\u021bilor din Rom\u00e2nia)<\/p>\n<p>&nbsp;<\/p>\n<p><img loading=\"lazy\" decoding=\"async\" class=\"alignleft wp-image-2963\" src=\"https:\/\/teutsch.ro\/wp-content\/uploads\/2024\/08\/BB-A5-A2.1-200x141.jpg\" alt=\"\" width=\"156\" height=\"110\" srcset=\"https:\/\/teutsch.ro\/wp-content\/uploads\/2024\/08\/BB-A5-A2.1-200x141.jpg 200w, https:\/\/teutsch.ro\/wp-content\/uploads\/2024\/08\/BB-A5-A2.1-100x70.jpg 100w, https:\/\/teutsch.ro\/wp-content\/uploads\/2024\/08\/BB-A5-A2.1.jpg 596w\" sizes=\"auto, (max-width: 156px) 100vw, 156px\" \/>f\u0103r\u0103 num\u0103r, 2014<br \/>\n<strong>Gebaute Heimat. Der Architekt Fritz Balthes, 1882-1914<\/strong><br \/>\nText: Rudolf, Gerhild. Foto: Jammer, Stefan<br \/>\nSmartPrint Sibiu, 28 p, tiraj: 300.<\/p>\n<p>&nbsp;<\/p>\n<p><strong> <img loading=\"lazy\" decoding=\"async\" class=\"size-full wp-image-544 alignleft\" title=\"Kunstf\u00fchrer Johanniskirche. Ein Rundgang. \" src=\"https:\/\/teutsch.ro\/wp-content\/uploads\/2013\/10\/Kunstf\u00fchrer-Johanniskirche.jpg\" alt=\"Kunstf\u00fchrer Johanniskirche. Ein Rundgang\" width=\"125\" height=\"189\" \/>Kunstf\u00fchrer Johanniskirche. Ein Rundgang.<\/strong><\/p>\n<p>Binder, Elisabeth\/Klemm, Erika\/Rehner, Wolfgang\/Rudolf, Gerhild\/Ziegler, Frank-Thomas; Fotos: Rill, Martin\/Eichler, Martin<br \/>\nMiscellanea ecclesiastica des ZAEKR Sibiu\/Hermannstadt, Bd. XII<br \/>\nWort + Welt + Bild Verlag, M\u00fcnchen 2013<br \/>\nISBN: 9783943896008<\/p>\n<p>&nbsp;<\/p>\n<p><strong><img loading=\"lazy\" decoding=\"async\" class=\"size-full wp-image-544 alignleft\" title=\"Jenseits des Verschwindens. Aus dem fotografischen Nachlass der Gebr\u00fcder Fischer \" src=\"https:\/\/teutsch.ro\/wp-content\/uploads\/2013\/04\/Jenseits-des-Verschwindens_Bildgr\u00f6\u00dfe-\u00e4ndern.jpg\" alt=\"Jenseits des Verschwindens. Aus dem fotografischen Nachlass der Gebr\u00fcder Fischer \" width=\"125\" height=\"189\" \/>Jenseits des Verschwindens.<\/strong> <strong>Aus dem fotografischen Nachlass der Gebr\u00fcder Fischer <\/strong><\/p>\n<p>Klein, Konrad\/Lindhorst, Christian (Hg.)<br \/>\nMiscellanea ecclesiastica des ZAEKR Sibiu\/Hermannstadt, Bd. XI<br \/>\nSchiller Verlag Sibiu\/Hermannstadt-Bonn 2012<br \/>\nISBN: 9783941271913<\/p>\n<p>&nbsp;<\/p>\n<p>&nbsp;<\/p>\n<p><strong><img loading=\"lazy\" decoding=\"async\" class=\"size-full wp-image-545 alignleft\" title=\"Schlattner, Eginald: Odem. Kritische Ausgabe\" src=\"https:\/\/teutsch.ro\/wp-content\/uploads\/2013\/04\/Odem_Bildgr\u00f6\u00dfe-\u00e4ndern.jpg\" alt=\"Schlattner, Eginald: Odem. Kritische Ausgabe\" width=\"125\" height=\"200\" \/><\/strong><\/p>\n<p><strong>Schlattner, Eginald: Odem. Kritische Ausgabe<\/strong><\/p>\n<p>Nowotnick, Michaela (Hg.)<br \/>\nMiscellanea ecclesiastica des ZAEKR Sibiu\/Hermannstadt, Bd. X<br \/>\nSchiller Verlag Sibiu\/Hermannstadt-Bonn 2012<br \/>\nISBN: 9783941271739<\/p>\n<p>&nbsp;<\/p>\n<p>&nbsp;<\/p>\n<p><strong><img loading=\"lazy\" decoding=\"async\" class=\"size-full wp-image-548 alignleft\" title=\"Evangelisch in Altrum\u00e4nien. Forschungen und Quellen zur Geschichte der deutschsprachigen evangelischen Kirchengemeinden im rum\u00e4nischen Regat\" src=\"https:\/\/teutsch.ro\/wp-content\/uploads\/2013\/04\/Evangelisch-in-Altrum\u00e4nien_Bildgr\u00f6\u00dfe-\u00e4ndern.jpg\" alt=\"Evangelisch in Altrum\u00e4nien. Forschungen und Quellen zur Geschichte der deutschsprachigen evangelischen Kirchengemeinden im rum\u00e4nischen Regat\" width=\"125\" height=\"182\" \/><\/strong><\/p>\n<p><strong>Evangelisch in Altrum\u00e4nien. Forschungen und Quellen zur Geschichte der deutschsprachigen evangelischen Kirchengemeinden im rum\u00e4nischen Regat<\/strong><\/p>\n<p>Stache, Christa\/Theilemann, Wolfram G. (Hg.)<br \/>\nMiscellanea ecclesiastica des ZAEKR Sibiu\/Hermannstadt, Bd. IX<br \/>\nSchiller Verlag Sibiu\/Hermannstadt-Bonn 2012<br \/>\nISBN: 9783941271708<\/p>\n<p>&nbsp;<\/p>\n<p dir=\"ltr\"><strong><img loading=\"lazy\" decoding=\"async\" class=\"size-full wp-image-550 alignleft\" title=\"Oameni \u015fi c\u0103r\u0163i \u00een Sibiul de alt\u0103dat\u0103. \" src=\"https:\/\/teutsch.ro\/wp-content\/uploads\/2013\/04\/Oameni-si-carti-in-Sibiu-de-altadata_Bildgr\u00f6\u00dfe-\u00e4ndern.jpg\" alt=\"Oameni \u015fi c\u0103r\u0163i \u00een Sibiul de alt\u0103dat\u0103. \" width=\"125\" height=\"185\" \/>Oameni \u015fi c\u0103r\u0163i \u00een Sibiul de alt\u0103dat\u0103. Tiparni\u0163e \u015fi tipografi, c\u0103r\u0163i \u015fi \u201ec\u0103rturari\u201c, biblioteci \u015fi bibliotecari, libr\u0103rii \u015fi librari \u00een m\u0103rturii documentare<\/strong><\/p>\n<p>Popa, Liliana<br \/>\nMiscellanea ecclesiastica des ZAEKR Sibiu\/Hermannstadt, Bd. VIII<br \/>\nSchiller Verlag Sibiu\/Hermannstadt-Bonn 2010<br \/>\nISBN: 9783941271371<\/p>\n<p>&nbsp;<\/p>\n<p dir=\"ltr\"><strong><img loading=\"lazy\" decoding=\"async\" class=\"size-full wp-image-553 alignleft\" title=\"Goldk\u00f6rner II. Historisches Lesebuch aus den Archiven der Evang. Kirche A.B. in Rum\u00e4nien\" src=\"https:\/\/teutsch.ro\/wp-content\/uploads\/2013\/04\/Goldk\u00f6rner-II_Bildgr\u00f6\u00dfe-\u00e4ndern.jpg\" alt=\"Goldk\u00f6rner II. Historisches Lesebuch aus den Archiven der Evang. Kirche A.B. in Rum\u00e4nien\" width=\"125\" height=\"178\" \/>Goldk\u00f6rner II. Historisches Lesebuch aus den Archiven der Evang. Kirche A.B. in Rum\u00e4nien<\/strong><\/p>\n<p>Popa, Liliana\/Theilemann, Wolfram G. (Hg.)<br \/>\nMiscellanea ecclesiastica des ZAEKR Sibiu\/Hermannstadt, Bd. VII<br \/>\nSchiller Verlag Sibiu\/Hermannstadt-Bonn 2009<br \/>\nISBN: 9783941271272<\/p>\n<p>&nbsp;<\/p>\n<p>&nbsp;<\/p>\n<p dir=\"ltr\"><strong><img loading=\"lazy\" decoding=\"async\" class=\"size-full wp-image-560 alignleft\" src=\"https:\/\/teutsch.ro\/wp-content\/uploads\/2013\/04\/balnk.jpg\" alt=\"balnk\" width=\"125\" height=\"180\" \/>Pelerinajul \u00een spa\u0163iul carpatic. Pilgerwesen im Karpathenraum. Beitr\u00e4ge einer Vortragsreihe im Teutsch-Haus<\/strong><\/p>\n<p>Tobler, Stefan (Hg.)<br \/>\nMiscellanea ecclesiastica des ZAEKR Sibiu\/Hermannstadt, Bd. VI<br \/>\nHermannstadt 2007, Vol. I, nr. 1\/2009 der revista ecumenica sibiu<br \/>\nISSN: 20655940<\/p>\n<p>&nbsp;<\/p>\n<p>&nbsp;<\/p>\n<p dir=\"ltr\"><strong><img loading=\"lazy\" decoding=\"async\" class=\"size-full wp-image-561 alignleft\" title=\"Bl\u00e4tter vergangener Tage. Fundst\u00fccke aus dem Nachla\u00df des Bischofs D. Dr. Friedrich Teutsch\" src=\"https:\/\/teutsch.ro\/wp-content\/uploads\/2013\/04\/Bl\u00e4tter-vergangener-Tage_Bildgr\u00f6\u00dfe-\u00e4ndern.jpg\" alt=\"Bl\u00e4tter vergangener Tage. Fundst\u00fccke aus dem Nachla\u00df des Bischofs D. Dr. Friedrich Teutsch\" width=\"125\" height=\"159\" \/>Bl\u00e4tter vergangener Tage. Fundst\u00fccke aus dem Nachla\u00df des Bischofs D. Dr. Friedrich Teutsch<\/strong><\/p>\n<p>Theilemann, Wolfram G.\/Schullerus, Gerhard (Hg.)<br \/>\nMiscellanea ecclesiastica des ZAEKR Sibiu\/Hermannstadt, Bd. V<br \/>\nSchiller Verlag Sibiu\/Hermannstadt-Bonn 2007<br \/>\nISBN: 9789738853607<\/p>\n<p>&nbsp;<\/p>\n<p dir=\"ltr\"><strong><img loading=\"lazy\" decoding=\"async\" class=\"size-full wp-image-562 alignleft\" title=\"Edenul de dincolo de codri. Samuel von Brukenthal: Politician, colec\u0163ionar, francmason la Sibiu\/Hermannstadt\" src=\"https:\/\/teutsch.ro\/wp-content\/uploads\/2013\/04\/Edenul-de-dincolo_Bildgr\u00f6\u00dfe-\u00e4ndern.jpg\" alt=\"Edenul de dincolo de codri. Samuel von Brukenthal: Politician, colec\u0163ionar, francmason la Sibiu\/Hermannstadt\" width=\"125\" height=\"191\" \/>Eden<\/strong><strong>ul de <\/strong><strong>dincolo de codri. Samuel von Brukenthal: Politician, colec\u0163ionar, francmason la Sibiu\/Hermannstadt<\/strong><\/p>\n<p>Fischer, Lisa<br \/>\nMiscellanea ecclesiastica des ZAEKR Sibiu\/Hermannstadt, Bd. IV<br \/>\nSchiller Verlag Sibiu\/Hermannstadt-Bonn 2007<br \/>\nISBN: 9789738853638<\/p>\n<p>&nbsp;<\/p>\n<p>&nbsp;<\/p>\n<p dir=\"ltr\"><strong><img loading=\"lazy\" decoding=\"async\" class=\"size-full wp-image-563 alignleft\" title=\"Eden hinter den W\u00e4ldern. Samuel von Brukenthal: Politiker, Sammler, Freimaurer in Hermannstadt\/Sibiu\" src=\"https:\/\/teutsch.ro\/wp-content\/uploads\/2013\/04\/Eden-hinter-den-W\u00e4ldern_Bildgr\u00f6\u00dfe-\u00e4ndern.jpg\" alt=\"Eden hinter den W\u00e4ldern. Samuel von Brukenthal: Politiker, Sammler, Freimaurer in Hermannstadt\/Sibiu\" width=\"125\" height=\"179\" \/>Eden hinter den W\u00e4ldern. Samuel von Brukenthal: Politiker, Sammler, Freimaurer in Hermannstadt\/Sibiu<\/strong><\/p>\n<p>Fischer, Lisa<br \/>\nMiscellanea ecclesiastica des ZAEKR Sibiu\/Hermannstadt, Bd. III<br \/>\nSchiller Verlag Sibiu\/Hermannstadt-Bonn 2007<br \/>\nISBN: 9789738226623<\/p>\n<p>&nbsp;<\/p>\n<p>&nbsp;<\/p>\n<p><strong><img loading=\"lazy\" decoding=\"async\" class=\"size-full wp-image-564 alignleft\" title=\"Kirchenb\u00fccher sprechen lassen... Die Ordnung des kirchlichen Lebens in Weidenbach\/Ghimbav\" src=\"https:\/\/teutsch.ro\/wp-content\/uploads\/2013\/04\/Kirchenb\u00fccher-sprechen-lassen_Bildgr\u00f6\u00dfe-\u00e4ndern.jpg\" alt=\"Kirchenb\u00fccher sprechen lassen... Die Ordnung des kirchlichen Lebens in Weidenbach\/Ghimbav\" width=\"125\" height=\"175\" \/>Kirchenb\u00fccher sprec<\/strong><strong>hen lassen&#8230; Die Ordnung des kirchlichen Lebens in Weidenbach\/Ghimbav<\/strong><\/p>\n<p>Popa, Liliana\/Theilemann, Wolfram G. (Hg.)<br \/>\nMiscellanea ecclesiastica des ZAEKR Sibiu\/Hermannstadt, Bd. II<br \/>\nBlueprint Verlag Bukarest 2006<br \/>\nISBN: 9789737750211<\/p>\n<p>&nbsp;<\/p>\n<p>&nbsp;<\/p>\n<p dir=\"ltr\"><strong><strong><img loading=\"lazy\" decoding=\"async\" class=\"alignleft\" src=\"https:\/\/teutsch.ro\/wp-content\/uploads\/2013\/04\/balnk.jpg\" alt=\"balnk\" width=\"125\" height=\"180\" \/><\/strong>Goldk\u00f6r<\/strong><strong>ner. Historisches Lesebuch aus den evang. Gemeindearchiven A.B.<\/strong><\/p>\n<p>Popa, Liliana\/Theilemann, Wolfram G. (Hg.)<br \/>\nMiscellanea ecclesiastica des ZAEKR Sibiu\/Hermannstadt, Bd. I<br \/>\nHonterus Verlag Sibiu\/Hermannstadt 2004<br \/>\nISBN: 973866344X<\/p>\n<p>&nbsp;<\/p>\n","protected":false},"excerpt":{"rendered":"<p>Seria \u201cMiscellanea ecclesiastica\u201d Publica\u0163ii ale Arhivei Centrale a Bisericii Evanghelice C.A. din Rom\u00e2nia &nbsp; 25. (2023) \u201eMigrationsgrund Religionsfreiheit. Siebenb\u00fcrgische Pers\u00f6nlichkeiten aus dem 16.-20. Jahrhundert \/ Libertatea religioas\u0103 ca motiv al migra\u021biei. Personalit\u0103\u021bi ale Transilvaniei secolelor XVI-XX\u201d (DE\/RO) Ausstellungskatalog Text: K\u00f6nig, Heidrun (Museumsleiterin, Ausstellungskuratorin) \/ Layout: Jammer, Stefan Miscellanea ecclesiastica des ZAEKR Sibiu\/Hermannstadt, Bd. XXV Herausgegeben [&hellip;]<\/p>\n","protected":false},"author":1,"featured_media":0,"parent":965,"menu_order":0,"comment_status":"closed","ping_status":"closed","template":"","meta":{"footnotes":""},"class_list":["post-1114","page","type-page","status-publish","czr-hentry"],"_links":{"self":[{"href":"https:\/\/teutsch.ro\/ro\/wp-json\/wp\/v2\/pages\/1114","targetHints":{"allow":["GET"]}}],"collection":[{"href":"https:\/\/teutsch.ro\/ro\/wp-json\/wp\/v2\/pages"}],"about":[{"href":"https:\/\/teutsch.ro\/ro\/wp-json\/wp\/v2\/types\/page"}],"author":[{"embeddable":true,"href":"https:\/\/teutsch.ro\/ro\/wp-json\/wp\/v2\/users\/1"}],"replies":[{"embeddable":true,"href":"https:\/\/teutsch.ro\/ro\/wp-json\/wp\/v2\/comments?post=1114"}],"version-history":[{"count":30,"href":"https:\/\/teutsch.ro\/ro\/wp-json\/wp\/v2\/pages\/1114\/revisions"}],"predecessor-version":[{"id":3030,"href":"https:\/\/teutsch.ro\/ro\/wp-json\/wp\/v2\/pages\/1114\/revisions\/3030"}],"up":[{"embeddable":true,"href":"https:\/\/teutsch.ro\/ro\/wp-json\/wp\/v2\/pages\/965"}],"wp:attachment":[{"href":"https:\/\/teutsch.ro\/ro\/wp-json\/wp\/v2\/media?parent=1114"}],"curies":[{"name":"wp","href":"https:\/\/api.w.org\/{rel}","templated":true}]}}