{"id":1109,"date":"2013-10-04T14:11:06","date_gmt":"2013-10-04T11:11:06","guid":{"rendered":"https:\/\/staging.teutsch.ro\/?page_id=1109"},"modified":"2024-08-14T10:55:16","modified_gmt":"2024-08-14T07:55:16","slug":"sustinatorul","status":"publish","type":"page","link":"https:\/\/teutsch.ro\/ro\/casateutsch\/sustinatorul\/","title":{"rendered":"Sus\u0163in\u0103torul"},"content":{"rendered":"\n<h1 class=\"wp-block-heading\">Biserica Evanghelic\u0103 C.A. din Rom\u00e2nia<\/h1>\n\n\n\n<p>Sus\u0163in\u0103torul Casei Teutsch este Biserica Evanghelic\u0103 C.A. din Rom\u00e2nia prin persoana juridic\u0103 a Consistoriului Superior cu sediul \u00een Sibiu. Acest fapt influen\u0163eaz\u0103 identitatea Casei Teutsch c\u00e2t \u015fi profilul activit\u0103\u0163ilor culturale desf\u0103\u015furate aici. Este misiunea Centrului de dialog \u015fi cultur\u0103 Friedrich Teutsch s\u0103 se ghideze dup\u0103 principiile cre\u015ftin-protestante.<\/p>\n\n\n\n<h3 class=\"wp-block-heading\">Biserica Evanghelic\u0103 C.A.<\/h3>\n\n\n\n<p>Dup\u0103 c\u0103derea cortinei de fier, din 1990 \u00eencoace, majoritatea celor 110.000 de enoria\u015fi ai Bisericii Evanghelice C.A. din Rom\u00e2nia a emigrat \u00een Germania, mai pu\u0163in de 15% r\u0103m\u00e2n\u00e2nd \u00een \u0163ar\u0103. \u00cen anul 2013 num\u0103rul enoria\u015filor este \u00een jur de 12.800. Noul Statut al Bisericii ia \u00een considerare aceast\u0103 schimbare dintr-o Biseric\u0103 a poporului \u00eentr-o Biseric\u0103 \u00een diaspor\u0103. Sarcinile ei principale sunt: propov\u0103duirea Cunv\u00e2ntului Domnului, administrarea sacramentelor, grija pastoral\u0103 \u015fi diaconic\u0103 pentru enoria\u015fi, educa\u0163ia cre\u015ftin\u0103 a copiilor \u015fi a tineretului, pedagogia religiei \u00een \u015fcoli, gestionarea \u015fi p\u0103strarea patrimoniului cultural \u015fi arhivistic, conlucrarea ecumenic\u0103 cu alte Biserici \u00een \u0163ar\u0103 \u015fi str\u0103in\u0103tate.<\/p>\n\n\n\n<h3 class=\"wp-block-heading\">P\u0103strarea \u015fi valorificarea patrimoniului<\/h3>\n\n\n\n<p>B.E.R. se implic\u0103 \u00een p\u0103strarea, accesibilizarea \u015fi valorificarea \u015ftiin\u0163ific\u0103 \u015fi cultural\u0103 a patrimoniului mobil \u015fi imobil. Pentru o Biseric\u0103 devenit\u0103 mic\u0103, aceast\u0103 munc\u0103 este o sarcin\u0103 uria\u015f\u0103. \u00cen prelegerea pe care Episcopul em. D. Dr. Christoph Klein a \u0163inut-o \u00een 2010, domnia sa ar\u0103ta c\u0103 \u201e\u0163ine de voin\u0163a de via\u0163\u0103 a sa\u015filor transilv\u0103neni s\u0103 se identifice \u00eentr-o m\u0103sur\u0103 foarte mare cu mo\u015ftenirea lor patrimonial\u0103\u201c. Aceast\u0103 identificare cu realiz\u0103rile culturale materiale \u015fi spirituale ale genera\u0163iilor premerg\u0103toare c\u00e2t \u015fi recunoa\u015fterea valorilor culturale cre\u015ftine \u00eei \u00eencurajeaz\u0103 pe membrii Bisericii noastre s\u0103 se implice \u015fi azi \u00een via\u0163\u0103 cultural\u0103 \u015fi s\u0103-\u015fi asume r\u0103spundererea pentru patrimoniul nostru.<\/p>\n\n\n\n<div style=\"height:50px\" aria-hidden=\"true\" class=\"wp-block-spacer\"><\/div>\n\n\n<div class=\"wp-block-image\">\n<figure class=\"aligncenter size-medium\"><img loading=\"lazy\" decoding=\"async\" width=\"200\" height=\"227\" src=\"https:\/\/teutsch.ro\/wp-content\/uploads\/2024\/08\/EKR-logo-staerker-transparent-200x227.png\" alt=\"\" class=\"wp-image-2911\" srcset=\"https:\/\/teutsch.ro\/wp-content\/uploads\/2024\/08\/EKR-logo-staerker-transparent-200x227.png 200w, https:\/\/teutsch.ro\/wp-content\/uploads\/2024\/08\/EKR-logo-staerker-transparent-585x665.png 585w, https:\/\/teutsch.ro\/wp-content\/uploads\/2024\/08\/EKR-logo-staerker-transparent-100x114.png 100w, https:\/\/teutsch.ro\/wp-content\/uploads\/2024\/08\/EKR-logo-staerker-transparent-768x873.png 768w, https:\/\/teutsch.ro\/wp-content\/uploads\/2024\/08\/EKR-logo-staerker-transparent-1351x1536.png 1351w, https:\/\/teutsch.ro\/wp-content\/uploads\/2024\/08\/EKR-logo-staerker-transparent-1802x2048.png 1802w\" sizes=\"auto, (max-width: 200px) 100vw, 200px\" \/><\/figure><\/div>","protected":false},"excerpt":{"rendered":"<p>Biserica Evanghelic\u0103 C.A. din Rom\u00e2nia Sus\u0163in\u0103torul Casei Teutsch este Biserica Evanghelic\u0103 C.A. din Rom\u00e2nia prin persoana juridic\u0103 a Consistoriului Superior cu sediul \u00een Sibiu. Acest fapt influen\u0163eaz\u0103 identitatea Casei Teutsch c\u00e2t \u015fi profilul activit\u0103\u0163ilor culturale desf\u0103\u015furate aici. Este misiunea Centrului de dialog \u015fi cultur\u0103 Friedrich Teutsch s\u0103 se ghideze dup\u0103 principiile cre\u015ftin-protestante. Biserica Evanghelic\u0103 C.A. [&hellip;]<\/p>\n","protected":false},"author":1,"featured_media":0,"parent":965,"menu_order":0,"comment_status":"closed","ping_status":"closed","template":"","meta":{"footnotes":""},"class_list":["post-1109","page","type-page","status-publish","czr-hentry"],"_links":{"self":[{"href":"https:\/\/teutsch.ro\/ro\/wp-json\/wp\/v2\/pages\/1109","targetHints":{"allow":["GET"]}}],"collection":[{"href":"https:\/\/teutsch.ro\/ro\/wp-json\/wp\/v2\/pages"}],"about":[{"href":"https:\/\/teutsch.ro\/ro\/wp-json\/wp\/v2\/types\/page"}],"author":[{"embeddable":true,"href":"https:\/\/teutsch.ro\/ro\/wp-json\/wp\/v2\/users\/1"}],"replies":[{"embeddable":true,"href":"https:\/\/teutsch.ro\/ro\/wp-json\/wp\/v2\/comments?post=1109"}],"version-history":[{"count":5,"href":"https:\/\/teutsch.ro\/ro\/wp-json\/wp\/v2\/pages\/1109\/revisions"}],"predecessor-version":[{"id":3457,"href":"https:\/\/teutsch.ro\/ro\/wp-json\/wp\/v2\/pages\/1109\/revisions\/3457"}],"up":[{"embeddable":true,"href":"https:\/\/teutsch.ro\/ro\/wp-json\/wp\/v2\/pages\/965"}],"wp:attachment":[{"href":"https:\/\/teutsch.ro\/ro\/wp-json\/wp\/v2\/media?parent=1109"}],"curies":[{"name":"wp","href":"https:\/\/api.w.org\/{rel}","templated":true}]}}