{"id":1087,"date":"2013-09-26T17:27:39","date_gmt":"2013-09-26T14:27:39","guid":{"rendered":"https:\/\/staging.teutsch.ro\/?page_id=1087"},"modified":"2024-08-13T16:57:46","modified_gmt":"2024-08-13T13:57:46","slug":"un-tur-prin-biserica","status":"publish","type":"page","link":"https:\/\/teutsch.ro\/ro\/biserica-sf-ioan-ecumenism\/un-tur-prin-biserica\/","title":{"rendered":"Un tur prin biseric\u0103"},"content":{"rendered":"\n<h1 class=\"wp-block-heading\">Obiecte valoroase de art\u0103<\/h1>\n\n\n\n<p>Vizit\u00e2nd biserica Sf. Ioan ve\u0163i descoperi obiecte istorice de art\u0103 valoroase \u015fi interesante. Unele dintre ele fac parte din dotarea bisericii iar altele au fost aduse aici ca s\u0103 fie p\u0103strate \u00een siguran\u0163\u0103 sau au fost donate bisericii. V\u0103 invit\u0103m s\u0103 le privi\u0163i.<\/p>\n\n\n\n<h3 class=\"wp-block-heading\">Altare poliptice<\/h3>\n\n\n\n<p>Biserica Sf. Ioan ad\u0103poste\u015fte dou\u0103 din cele mai valoroase altare poliptice din Transilvania din prima parte a secolului al 16-lea (de \u00eenainte de Reform\u0103), \u015fi anume altarele din bisericiile evanghelice din satele Fi\u015fer (\u00een nava estic\u0103) \u015fi Roade\u015f (pe latura vestic\u0103). Ambele altare sunt cuprinse \u00een lista patrimoniului na\u0163ional.<\/p>\n\n\n\n<p>Statuile Sf\u00e2ntului Ioan Botez\u0103torul \u015fi a Evanghelistului Ioan din partea de mijloc al altarului din Roade\u015f sunt considerate ca fiind unele dintre cele mai frumoase din Transilvania. Ele sunt atribuite me\u015fterului Veit Stoss din N\u00fcrnberg. Picturile de pe aripile laterale ale altarului reprezint\u0103 scene din vie\u0163ile celor doi martori ai credin\u0163ei. Partea opus\u0103 a aripilor, expus\u0103 \u00een zilele de peste s\u0103pt\u0103m\u00e2n\u0103, este pictat\u0103 cu scene din patima Domnului.<\/p>\n\n\n\n<p>Altarul poliptic din Fi\u015fer a fost creat de me\u015fterul Johann Stoss, un fiu al lui Veit Stoss, \u015fi este dedicat Sf\u00e2ntului Martin. Trei din patru tablouri de pe latura festiv\u0103 a altarului reprezint\u0103 scene din via\u0163a Sf. Martin iar pictura din partea dreapt\u0103 de sus arat\u0103 misa Sf\u00e2ntului Gheorghe. Latura expus\u0103 \u00een zilele de lucru prezint\u0103 patima Domnului \u00een opt tablouri, iar \u00een partea central\u0103 apar cei patru Evangheli\u015fti.<\/p>\n\n\n\n<h3 class=\"wp-block-heading\">Dou\u0103 orgi<\/h3>\n\n\n\n<p>Ceal\u0103lalt\u0103 org\u0103, cea de pe balcon, a fost construit\u0103 \u00een 1927 de firma Sauer-Walcker din Frankfurt\/Odra pentru Biserica Sf. Ioan. Este o org\u0103 modern\u0103 la care fluierele stau libere \u015fi nu sunt \u00eencadrate \u00eentr-un \u201edulap\u201c. \u00cen 1960 Otto Einschenk a modificat orga iar \u00een 1981 ea a fost par\u0163ial readus\u0103 la structura original\u0103. \u00cen 2014 orga a fost restaurat\u0103 de firma de construc\u0163ii de orgi din H\u0103rman\/Bra\u015fov, condus\u0103 de Barbara Dutli \u015fi Ferdinand Stemmer. Inaugurarea festiv\u0103 a avut loc la 18 mai 2014. Acum biserica Sf. Ioan dispune de dou\u0103 orgi interesante care r\u0103sun\u0103 \u00een timpul slujbelor religioase \u015fi al concertelor de muzic\u0103 sacr\u0103. <\/p>\n\n\n\n<h3 class=\"wp-block-heading\">Clopote salvate<\/h3>\n\n\n\n<p>\u00cen afara clopotului din clopotni\u0163a bisericii, \u00een biserica Sf. Ioan se afl\u0103 \u015fi dou\u0103 clopote care au fost aduse aici din satele Veseud \u015fi T\u00e2rnava (ambele \u00een jud. Sibiu). Clopotul din Veseud prezint\u0103 defecte. \u00cen turnul bisericii evanghelice a r\u0103mas un clopot \u00een stare de func\u0163ionare care este folosit de s\u0103tenii ortodoc\u015fi pentru alungarea furtunilor \u015fi a grindinei. Cel\u0103lalt clopot expus \u00een biserica Sf. Ioan provine din T\u00e2rnava, fiind cel mijlociu dintr-un ansamblu de trei clopote. A fost adus pentru c\u0103 prezint\u0103 fisuri \u015fi nu poate fi folosit. Fiind turnat la Sibiu \u00een anul 1642, clopotul este valoros din punct de vedere istoric \u015fi artistic.<\/p>\n\n\n\n<h3 class=\"wp-block-heading\">Cristelni\u0163a medieval\u0103<\/h3>\n\n\n\n<p>Cristelni\u0163a din bronz din biserica Sf. Ioan provine din Br\u0103deni de l\u00eeng\u0103 Agnita. Ea a fost creat\u0103 de me\u015fterul Sighi\u015forean Jakobus \u00een jurul anului 1440. Cristelni\u0163a este \u00eenalt\u0103 de 95 cm \u015fi are un diametru de 54 cm. Cupa este decorat\u0103 cu ornamente \u00een form\u0103 de linii, coroni\u0163e de crin \u015fi ghirlande de vi\u0163\u0103 de vie. \u00cen anul 1999 obiectul deosebit de valoros a fost adus la Sbiu din motive de siguran\u0163\u0103. Din 2012 este iar\u0103\u015fi folosit la botezuri.<\/p>\n\n\n\n<h3 class=\"wp-block-heading\">Pictura\u201cHristos cobor\u00e2nd\u201d<\/h3>\n\n\n\n<p>Artista Katharina Zipser-Hienz, n\u0103scut\u0103 \u00een 1931 la Sibiu, a donat aceast\u0103 pictur\u0103 Bisericii evanghelice \u00een 2007.<\/p>\n","protected":false},"excerpt":{"rendered":"<p>Obiecte valoroase de art\u0103 Vizit\u00e2nd biserica Sf. Ioan ve\u0163i descoperi obiecte istorice de art\u0103 valoroase \u015fi interesante. Unele dintre ele fac parte din dotarea bisericii iar altele au fost aduse aici ca s\u0103 fie p\u0103strate \u00een siguran\u0163\u0103 sau au fost donate bisericii. V\u0103 invit\u0103m s\u0103 le privi\u0163i. Altare poliptice Biserica Sf. Ioan ad\u0103poste\u015fte dou\u0103 din [&hellip;]<\/p>\n","protected":false},"author":1,"featured_media":0,"parent":976,"menu_order":0,"comment_status":"closed","ping_status":"closed","template":"","meta":{"footnotes":""},"class_list":["post-1087","page","type-page","status-publish","czr-hentry"],"_links":{"self":[{"href":"https:\/\/teutsch.ro\/ro\/wp-json\/wp\/v2\/pages\/1087","targetHints":{"allow":["GET"]}}],"collection":[{"href":"https:\/\/teutsch.ro\/ro\/wp-json\/wp\/v2\/pages"}],"about":[{"href":"https:\/\/teutsch.ro\/ro\/wp-json\/wp\/v2\/types\/page"}],"author":[{"embeddable":true,"href":"https:\/\/teutsch.ro\/ro\/wp-json\/wp\/v2\/users\/1"}],"replies":[{"embeddable":true,"href":"https:\/\/teutsch.ro\/ro\/wp-json\/wp\/v2\/comments?post=1087"}],"version-history":[{"count":5,"href":"https:\/\/teutsch.ro\/ro\/wp-json\/wp\/v2\/pages\/1087\/revisions"}],"predecessor-version":[{"id":3357,"href":"https:\/\/teutsch.ro\/ro\/wp-json\/wp\/v2\/pages\/1087\/revisions\/3357"}],"up":[{"embeddable":true,"href":"https:\/\/teutsch.ro\/ro\/wp-json\/wp\/v2\/pages\/976"}],"wp:attachment":[{"href":"https:\/\/teutsch.ro\/ro\/wp-json\/wp\/v2\/media?parent=1087"}],"curies":[{"name":"wp","href":"https:\/\/api.w.org\/{rel}","templated":true}]}}