{"id":1085,"date":"2013-09-26T17:24:34","date_gmt":"2013-09-26T14:24:34","guid":{"rendered":"https:\/\/staging.teutsch.ro\/?page_id=1085"},"modified":"2024-08-14T10:49:04","modified_gmt":"2024-08-14T07:49:04","slug":"istorie","status":"publish","type":"page","link":"https:\/\/teutsch.ro\/ro\/biserica-sf-ioan-ecumenism\/istorie\/","title":{"rendered":"Istoria bisericii"},"content":{"rendered":"\n<div class=\"wp-block-columns is-layout-flex wp-container-core-columns-is-layout-9d6595d7 wp-block-columns-is-layout-flex\">\n<div class=\"wp-block-column is-layout-flow wp-block-column-is-layout-flow\" style=\"flex-basis:66.66%\">\n<h1 class=\"wp-block-heading\">Biserica de pe \u201cSoldisch\u201d<\/h1>\n\n\n\n<p>Prima Biseric\u0103 Sf. Ioan pentru locuitorii cartierului \u201eJosefstadt\u201c a fost construit\u0103 aici \u00eentre 1881 \u015fi 1883, \u00eempreun\u0103 cu cl\u0103direa orfelinatului evanghelic. Arealul acesta dintre cele dou\u0103 ziduri de ap\u0103rare ale ora\u015fului se nume\u015fte \u201eSoldisch\u201c. Ini\u0163iativa de a construi acest complex a venit din partea primpreotului sibean, ulterior episcop al Bisericii Evanghelice, Friedrich M\u00fcller. Biserca devenise necesar\u0103 pentru c\u0103 o alt\u0103 biseric\u0103 evangehlic\u0103, cea din Pia\u0163a Mic\u0103, fusese desfiin\u0163at\u0103.<\/p>\n\n\n\n<div style=\"height:8px\" aria-hidden=\"true\" class=\"wp-block-spacer\"><\/div>\n\n\n\n<h3 class=\"wp-block-heading\">\u00cen memoria lui Martin Luther<\/h3>\n\n\n\n<p>Pe 10 noiembrie 1883, la comemorarea a 400 de ani de la na\u015fterea reformatorului Martin Luther, au fost sfin\u0163ite \u015fi inaugurate biserica \u015fi orfelinatul, acesta din urm\u0103 primind numele \u201eLutherhaus\u201c. Numele bisericii, \u201eJohanniskirche\u201c, este legat at\u00e2t de hramul bisericii, Sf\u00e2ntul Evanghelist \u015fi Apostol Ioan, c\u00e2t \u015fi de amintirea ctitorului Johannes Engelleiter, preot din Turni\u015for.<\/p>\n\n\n\n<p>Dup\u0103 numai 26 de ani, biserica a trebuit s\u0103 fie demolat\u0103 \u00een 1911, din motive tehnice. Deja \u00een 1909 au fost constatate probleme de static\u0103, terenul construit fiind prea moale. De aceea s-a trecut la planificarea unei construc\u0163ii noi care s\u0103 cuprind\u0103 o biseric\u0103 \u015fi o cas\u0103 parohial\u0103. Arhitectul cu proiectul c\u00e2\u015ftig\u0103tor a fost Josef Bedeus von Scharberg. Biserica cea nou\u0103, construit\u0103 \u00een locul celei vechi, a fost sfin\u0163it\u0103 la 10 noiembrie 1912.<\/p>\n<\/div>\n\n\n\n<div class=\"wp-block-column is-layout-flow wp-block-column-is-layout-flow\" style=\"flex-basis:33.33%\">\n<div style=\"height:20px\" aria-hidden=\"true\" class=\"wp-block-spacer\"><\/div>\n\n\n\n<figure class=\"wp-block-image size-full\"><img loading=\"lazy\" decoding=\"async\" width=\"474\" height=\"986\" src=\"https:\/\/teutsch.ro\/wp-content\/uploads\/2024\/08\/603_12458.jpg\" alt=\"\" class=\"wp-image-3335\" srcset=\"https:\/\/teutsch.ro\/wp-content\/uploads\/2024\/08\/603_12458.jpg 474w, https:\/\/teutsch.ro\/wp-content\/uploads\/2024\/08\/603_12458-144x300.jpg 144w, https:\/\/teutsch.ro\/wp-content\/uploads\/2024\/08\/603_12458-320x665.jpg 320w, https:\/\/teutsch.ro\/wp-content\/uploads\/2024\/08\/603_12458-72x150.jpg 72w\" sizes=\"auto, (max-width: 474px) 100vw, 474px\" \/><figcaption class=\"wp-element-caption\">Foto: Josef Fischer <\/figcaption><\/figure>\n<\/div>\n<\/div>\n\n\n\n<h3 class=\"wp-block-heading\">Biserica nou\u0103<\/h3>\n\n\n\n<p>Bedeus von Scharberg a creat un edificiu sacral folosind un limbaj arhitectural individual care nu se \u00eencadreaz\u0103 \u00een niciun curent stilistic anume. Biserica dispune de un turn \u015fi este legat\u0103 de cl\u0103direa \u00eenvecinat\u0103 printr-o poart\u0103 boltit\u0103, aduc\u00e2nd astfel aminte de bisericile-cetate tipice pentru satele sa\u015filor transilv\u0103neni.<\/p>\n\n\n\n<p>Bedeus p\u0103r\u0103se\u015fte calea b\u0103t\u0103torit\u0103 a arhitecturii sibiene \u015fi \u00eenainteaz\u0103 spre stilul Fin de si\u00e8cle \u015fi Art Nouveau. Izvoarele g\u00e2ndirii sale arhitecturale care st\u0103 la baza bisericii Sf. Ioan se datoreaz\u0103 mediului intelectual \u00een care s-a mi\u015fcat Bedeus \u00een acei ani. La \u015ecoala de art\u0103 aplicat\u0103 din Berlin el a intrat \u00een contact cu ini\u0163iatorii Werkbund-ului german \u015fi implicit cu g\u00e2ndirea acelei genera\u0163ii de arhitec\u0163i pionieri care sus\u0163ineau o arhitectur\u0103 adaptat\u0103 \u00een primul r\u00e2nd nevoilor oamenilor. \u015ei biserica Sf. Ioan a lui Bedeus este un \u201er\u0103spuns \u00een piatr\u0103\u201c la provoc\u0103rile timpurilor sale de a implementa ideile moderne.<\/p>\n\n\n\n<p>(Frank-Thomas Ziegler)<\/p>\n\n\n\n<p><\/p>\n","protected":false},"excerpt":{"rendered":"<p>Biserica de pe \u201cSoldisch\u201d Prima Biseric\u0103 Sf. Ioan pentru locuitorii cartierului \u201eJosefstadt\u201c a fost construit\u0103 aici \u00eentre 1881 \u015fi 1883, \u00eempreun\u0103 cu cl\u0103direa orfelinatului evanghelic. Arealul acesta dintre cele dou\u0103 ziduri de ap\u0103rare ale ora\u015fului se nume\u015fte \u201eSoldisch\u201c. Ini\u0163iativa de a construi acest complex a venit din partea primpreotului sibean, ulterior episcop al Bisericii Evanghelice, [&hellip;]<\/p>\n","protected":false},"author":1,"featured_media":0,"parent":976,"menu_order":0,"comment_status":"closed","ping_status":"closed","template":"","meta":{"footnotes":""},"class_list":["post-1085","page","type-page","status-publish","czr-hentry"],"_links":{"self":[{"href":"https:\/\/teutsch.ro\/ro\/wp-json\/wp\/v2\/pages\/1085","targetHints":{"allow":["GET"]}}],"collection":[{"href":"https:\/\/teutsch.ro\/ro\/wp-json\/wp\/v2\/pages"}],"about":[{"href":"https:\/\/teutsch.ro\/ro\/wp-json\/wp\/v2\/types\/page"}],"author":[{"embeddable":true,"href":"https:\/\/teutsch.ro\/ro\/wp-json\/wp\/v2\/users\/1"}],"replies":[{"embeddable":true,"href":"https:\/\/teutsch.ro\/ro\/wp-json\/wp\/v2\/comments?post=1085"}],"version-history":[{"count":7,"href":"https:\/\/teutsch.ro\/ro\/wp-json\/wp\/v2\/pages\/1085\/revisions"}],"predecessor-version":[{"id":3453,"href":"https:\/\/teutsch.ro\/ro\/wp-json\/wp\/v2\/pages\/1085\/revisions\/3453"}],"up":[{"embeddable":true,"href":"https:\/\/teutsch.ro\/ro\/wp-json\/wp\/v2\/pages\/976"}],"wp:attachment":[{"href":"https:\/\/teutsch.ro\/ro\/wp-json\/wp\/v2\/media?parent=1085"}],"curies":[{"name":"wp","href":"https:\/\/api.w.org\/{rel}","templated":true}]}}