{"id":1072,"date":"2013-09-26T17:11:48","date_gmt":"2013-09-26T14:11:48","guid":{"rendered":"https:\/\/staging.teutsch.ro\/?page_id=1072"},"modified":"2024-08-14T10:57:06","modified_gmt":"2024-08-14T07:57:06","slug":"conferinte","status":"publish","type":"page","link":"https:\/\/teutsch.ro\/ro\/casateutsch\/conferinte\/","title":{"rendered":"Conferin\u0163e"},"content":{"rendered":"<h1>Serii de conferin\u0163e \u00een Casa Teutsch<\/h1>\n<h3>Teme interesante de ascultat \u015fi de dezb\u0103tut<\/h3>\n<p>La intervale diferite organiz\u0103m \u00een sala multifunc\u0163ional\u0103 a Casei Teutsch conferin\u0163e cu diverse tematici.<\/p>\n<p><strong>Biserica \u2013 patrimoniul \u2013 arta \u2013 istoria \u2013 societatea<\/strong><\/p>\n<p>&nbsp;<\/p>\n<h3>Cronica prelegerilor<\/h3>\n<h3>2019<\/h3>\n<p>&nbsp;<\/p>\n<p>\u201eBrot. Siebenb\u00fcrgische Perspektiven und evangelische Inspirationen\u201c<\/p>\n<p>Prezentare \u00een lb. german\u0103 de Dr. Gerhild Rudolf<\/p>\n<p>8 iulie 2019<\/p>\n<p>&nbsp;<\/p>\n<p>\u201ePatria \u00een bucate. Tradi\u021bii culinare, identitatea \u0219i integrarea germanilor din Europa de Est\u201c<\/p>\n<p>Vernisaj, introducere de Patricia Erkenberg, HDO M\u00fcnchen<\/p>\n<p>20 iunie 2019<\/p>\n<p>&nbsp;<\/p>\n<p>\u201eRestaurarea obiectelor de patrimoniu din lemn policrom. Proiecte ale studen\u021bilor Universit\u0103\u021bii Lucian Blaga din Sibiu\u201c<\/p>\n<p>Lect. univ. dr. Mirel Bucur, Lect. univ. dr. Cristina D\u0103neasa<\/p>\n<p>20 mai 2019<\/p>\n<p>&nbsp;<\/p>\n<p>Poezii de Rainer Maria Rilke \u201eAlles ist eins. Hommage an Rainer Maria Rilke\u201d<\/p>\n<p>Sibylle Kuhne, actri\u021b\u0103, Leipzig<\/p>\n<p>4 aprilie 2019<\/p>\n<p>&nbsp;<\/p>\n<p>\u201eStranele din Dupu\u0219 \u0219i restaurarea lor\u201c<\/p>\n<p>Vernisaj, introducere de Dr. Ralph Buchholz, HAWK Hildesheim<\/p>\n<p>1\u00a0aprilie 2019<\/p>\n<p>&nbsp;<\/p>\n<p>\u201eVerborgene Heilige. Ihre Spuren im Erbe der Evangelischen Kirche\u201c<\/p>\n<p>Arh. Heidrun K\u00f6nig<\/p>\n<p>4 martie 2019<\/p>\n<p>&nbsp;<\/p>\n<p>\u201eDer Siebenb\u00fcrgische Verein f\u00fcr Naturwissenschaften und seine Bedeutung f\u00fcr Hermannstadt (M. Fuss, C.F. Jickeli, E.A. Bielz, Dr. D. Czekelius)\u201c<\/p>\n<p>Prof. Dr. Erika Schneider, Karlsruhe<\/p>\n<p>25 februarie 2019<\/p>\n<p>&nbsp;<\/p>\n<p>\u201eAdolf Schullerus und sein Kreis um die Jahrhundertwende 1900\u201c<\/p>\n<p>Monica Vlaicu, arhivist<\/p>\n<p>11 februarie 2019<\/p>\n<p>&nbsp;<\/p>\n<p>\u201eDeutschsprachige Literatur im Donau-Karpaten-Raum. Ein Online-Lexikon im Entstehen\u201c<\/p>\n<p>Dr. Michaela Nowotnick, Berlin<\/p>\n<p>11 februarie 2019<\/p>\n<p>&nbsp;<\/p>\n<p>\u201eDr. Carl Wolff (1849-1929) \u0219i progresul comunit\u0103\u021bii. Aspecte ale electrific\u0103rii Sibiului<\/p>\n<p>Dipl.-Ing. Marcel Stancu<\/p>\n<p>5 februarie 2019<\/p>\n<p>&nbsp;<\/p>\n<p>\u201eGustav Adolf Klein und die Hermannst\u00e4dter allgemeine Sparkassa. 30 Jahre nach dem Tod ihres letzten Generaldirektors\u201c<\/p>\n<p>Prof. D. Dr. Christoph Klein<\/p>\n<p>4 februarie 2019<\/p>\n<p>&nbsp;<\/p>\n<h3>2018<\/h3>\n<p>\u201eCredin\u021ba fortificat\u0103. Cet\u0103\u021bile biserice\u0219ti ale sa\u0219ilor din Transilvania\u201c<\/p>\n<p>Introducere de Josef Balazs \u00een expozi\u021bia de fotografie a lui Prof. J\u00fcrgen van Buer<\/p>\n<p>15 noiembrie 2018<\/p>\n<p>&nbsp;<\/p>\n<p>Laudatio dedicat\u0103 preotului Eginald Schlattner cu ocazia decern\u0103rii titlului Doctor Honoris Causa al Universit\u0103\u021bii Babe\u0219-Bolyai \u00een biserica Sf. Ioan din Sibiu<\/p>\n<p>Univ.-Doc. Dr. Gabriella-N\u00f3ra Tar, Cluj<\/p>\n<p>12 noiembrie 2018<\/p>\n<p>&nbsp;<\/p>\n<p>\u201eBildergeschichten aus Zendresch\u201c<\/p>\n<p>Prezentare de carte, Dr. Renate Weber-Schlenther, M\u00fcnster<\/p>\n<p>24 mai 2018<\/p>\n<p>&nbsp;<\/p>\n<p>\u201eWas hat uns das Reformationsjubil\u00e4um gebracht? Podiumsgespr\u00e4ch mit \u00f6kumenischen G\u00e4sten\u201c<\/p>\n<p>Mas\u0103 rotund\u0103 cu doamna Primar Astrid Fodor (Sibiu), Episcopul Reinhart Guib al Bisericii Ev. C.A. din Rom\u00e2nia, Episcopul Frank Otfried July\/Evangelische Landeskirche in W\u00fcrttemberg (Stuttgart), Episcopul Kato B\u00e9la al Bisericii Reformate din Transilvania (Cluj).<\/p>\n<p>Moderator Gerhild Rudolf<\/p>\n<p>28 aprilie 2018<\/p>\n<p>&nbsp;<\/p>\n<p>\u201eHans Hermann \u2013 re\u00eent\u00e2lnire. Grafic\u0103 din \u0219ase decenii\u201c<\/p>\n<p>Vernisaj, introducere de arh. Heidrun K\u00f6nig<\/p>\n<p>14 martie 2018<\/p>\n<p>&nbsp;<\/p>\n<p>\u201eCredin\u021b\u0103 \u2013 educa\u021bie \u2013 identitate. Momente de r\u0103scruce din istoria Bisericii Evanghelice C.A. din Rom\u00e2nia\u201c<\/p>\n<p>Prelegere de Gerhild Rudolf<\/p>\n<p>15 martie 2018<\/p>\n<p>&nbsp;<\/p>\n<p>\u201eGr\u0103dinile lui Samuel von Brukenthal \u2013 locuri de studiu, recreere, experimentare \u0219i \u00eent\u00e2lniri social-culturale\u201c<\/p>\n<p>Prof. Dr. Erika Schneider, Karlsruhe<\/p>\n<p>27 februarie 2018<\/p>\n<p>&nbsp;<\/p>\n<p>\u201cDragostea pentru \u00eentreg \u0219i pentru detaliu \u2013 Arhitectul transilv\u0103nean Fritz Balthes (1882-1914), promotor al punerii \u00een valoare a patrimoniului autohton\u201d<\/p>\n<p>Gerhild Rudolf<\/p>\n<p>20 februarie 2018<\/p>\n<p>&nbsp;<\/p>\n<p>\u201eDas Himmlische Jerusalem \u2013 Metapher und Allegorie des mittelalterlichen Kirchenbaus\u201c<\/p>\n<p>Arh. Heidrun K\u00f6nig<\/p>\n<p>19 februarie 2018<\/p>\n<p>&nbsp;<\/p>\n<p>\u201eStreifzug durch die siebenb\u00fcrgische Orgelgeschichte: Mediasch, Baa\u00dfen und andere Zusammenh\u00e4nge\u201c<\/p>\n<p>Hermann Binder, constructor de orgi<\/p>\n<p>12 februarie 2018<\/p>\n<p>&nbsp;<\/p>\n<p>\u201cCataloage istorice ale Arhivei Centrale a Bisericii Ev. C.A. din Rom\u00e2nia \u2013 Studiu de caz: fragmentul Miles\u201d<\/p>\n<p>Preot Andr\u00e1s B\u00e1ndi, arhivist-bibliotecar<\/p>\n<p>6 februarie 2018<\/p>\n<p>&nbsp;<\/p>\n<p>\u201eGl\u00e4nzende Reformationsgeschichte. Medaillen zum Gedenken an Martin Luther und die Reformation\u201c<\/p>\n<p>Frank-Thomas Ziegler, istoric de art\u0103, Bra\u0219ov<\/p>\n<p>5 februarie 2018<\/p>\n<p>&nbsp;<\/p>\n<h3>2017<\/h3>\n<p>\u201eCREDO UNAM ESSE ECCLESIAM \u2013 Medalii ale Reformei din colec\u0163ia Muzeului na\u0163ional Brukenthal\u201d<\/p>\n<p>Vernsaj, introducere de Heidrun K\u00f6nig.<\/p>\n<p>14 decembrie 2017<\/p>\n<p>&nbsp;<\/p>\n<p>\u201e10 ani \u2013 Muzeul Bisericii Evanghelice C.A.\u201c Aniversare.<\/p>\n<p>Alocu\u0163iuni de Episcop Reinhart Guib, Ep. em. D.Dr. Christoph Klein, prof. dr. Paul Niedermaier, dr. Gudrun-Liane Ittu, Elisabeth Binder, Heidrun K\u00f6nig.<\/p>\n<p>10\u00a0noiembrie 2017<\/p>\n<p>&nbsp;<\/p>\n<p>\u201eGlaubensgeschichte. Siebenb\u00fcrgische Beitr\u00e4ge zum 500. Reformationsjubil\u00e4um\/Istoria credin\u0163ei. Contribu\u0163ii cu ocazia anivers\u0103rii a 500 de ani de la Reform\u0103\u201c<\/p>\n<p>Prezentare de carte prof. Hans Klein, prof. Hermann Pitters, pr. Wolfgang H. Rehner.<\/p>\n<p>4 august 2017<\/p>\n<p>&nbsp;<\/p>\n<p>\u201eREFORMATIO TRANSILVANIAE 500 \u2013 Spa\u0163ii \u015fi simboluri ale sacrului sub inciden\u0163a Reformei\u201c<\/p>\n<p>Vernisajul expozi\u0163iei speciale. Introducere de Heidrun K\u00f6nig<\/p>\n<p>28\u00a0martie 2017<\/p>\n<p>&nbsp;<\/p>\n<p>\u201eTransform\u0103rile mobilierului liturgic sub inciden\u0163a Reformei \u00een Biserica Occidental\u0103. Exemple din actuala Biseric\u0103 Evangheli\u0103 C.A. din Rom\u00e2nia\u201c<\/p>\n<p>Prelegere de Heidrun K\u00f6nig<\/p>\n<p>27\u00a0februarie 2017<\/p>\n<p>&nbsp;<\/p>\n<p>\u201eDas Sch\u00f6nberger Astkreuz. Zur Ikonologie des sp\u00e4tmittelalterlichen Altarkreuzes\/ Iconologie Crucii din Dealul Frumos\u201c<\/p>\n<p>Prelegere de Heidrun K\u00f6nig (\u00cent\u00e2lnirea prietenilor muzeului)<\/p>\n<p>21\u00a0februarie 2017<\/p>\n<p>&nbsp;<\/p>\n<p>\u201eIpostaze ale I. RM \u00een operele arti\u015ftilor plastici germani din Transilvania\u201c<\/p>\n<p>Prelegere de dr. Gudrun-Liane Ittu<\/p>\n<p>20\u00a0februarie 2017<\/p>\n<p>&nbsp;<\/p>\n<p>\u201eDie Urkunden der Reformation\/Documente ale Reformei\u201c<\/p>\n<p>Prelegere de Heidrun K\u00f6nig<\/p>\n<p>\u015fi: \u201eKirche \u2013 Schule \u2013 Gemeinschaft. Von Honterus bis heute\/Biserica- \u015fcoala \u2013 comunitatea. De la Honterus p\u00e2n\u0103 azi\u201c<\/p>\n<p>prelegere de Gerhild Rudolf<\/p>\n<p>(\u00cent\u00e2lnierea seniorilor al Forumului Democrat al Germanilor din Sibiu \u00een cadrul expozi\u0163iei dedicate Reformei)<\/p>\n<p>14\u00a0februarie 2017<\/p>\n<p>&nbsp;<\/p>\n<p>\u201eSpecificul satelor s\u0103se\u015fti \u015fi rom\u00e2ne\u015fti \u00een Transilvania\u201c<\/p>\n<p>Prelegere de prof. dr. Paul Niedermaier<\/p>\n<p>13\u00a0februarie 2017<\/p>\n<p>&nbsp;<\/p>\n<p>\u201eDer Erste Weltkrieg in den Werken siebenb\u00fcrgisch-s\u00e4chsischer bildender K\u00fcnstler\/Ipostaze ale I. RM \u00een operele arti\u015ftilor plastici germani din Transilvania\u201c<\/p>\n<p>Prelegere de dr. Gudrun-Liane Ittu<\/p>\n<p>7\u00a0februarie 2017<\/p>\n<p>&nbsp;<\/p>\n<p>\u201eReforma protestant\u0103 \u00een Transilvania\u201c<\/p>\n<p>Prelegere de pr. drd. Andr\u00e1s B\u00e1ndi,<\/p>\n<p>6\u00a0februarie 2017<\/p>\n<h3>2016<\/h3>\n<p>&nbsp;<\/p>\n<p>\u201eReforma protestanta \u00een Europa de R\u0103s\u0103rit \u2013 Accente transilv\u0103nene ale Reformei privite din perspectiva istoriei, artei \u015fi a culturii\u201d<\/p>\n<p>Sesiune de comunic\u0103ri \u015ftiin\u0163ifice<\/p>\n<p>20-21 octombrie 2016<\/p>\n<p>&nbsp;<\/p>\n<p>\u201eProiectul expozi\u0163ional: Reforma protestanta \u00een Europa de R\u0103s\u0103rit \u2013 Transilvania\u201c<\/p>\n<p>Prezentare de proiect de dr. Harald Roth, Potsdam<\/p>\n<p>20 octombrie 2016<\/p>\n<p>&nbsp;<\/p>\n<p>\u201ePaul Wiener \u015fi scrierea sa <i>In causa fidei<\/i> 1548\u201c<\/p>\n<p>Prelegere \u015fi prezentare de carte de prof. dr. Hermann Pitters, Sibiu<\/p>\n<p>20 octombrie 2016<\/p>\n<p>&nbsp;<\/p>\n<p>\u201eUtopie religioas\u0103 \u015fi realitatea politic\u0103 la bazele politicii religioase \u00een Transilvania (1548-1571)\u201c<\/p>\n<p>Prelegere de conf. univ. dr. Edit Szegedi, Cluj<\/p>\n<p>20 octombrie 2016<\/p>\n<p>&nbsp;<\/p>\n<p>\u201ePremisele politice ale Reformei \u00een Bra\u015fov \u015fi cariera lui Johannes Honterus\u201c<\/p>\n<p>Prelegere de Thomas \u015eindilariu, Bra\u015fov<\/p>\n<p>21 octombrie 2016<\/p>\n<p>&nbsp;<\/p>\n<p>\u201eTip\u0103rituri de secol XVI din colec\u0163ia Arhivei Centrale a Bisericii Evanghelice C. A. din Rom\u00e2nia\u201c<\/p>\n<p>Prezentare cu imagini de And\u00e1s B\u00e1ndi, Sibiu<\/p>\n<p>21 octombrie 2016<\/p>\n<p>&nbsp;<\/p>\n<p>\u201eLimba de propov\u0103duire a Bisericii noastre de la Honterus p\u00e2n\u0103 la G. D. Teutsch. Despre alegerea limbilor \u00een Biserica Evanghelic\u0103 C. A. din Transilvania din secolul al 16-lea p\u00e2n\u0103 \u00een secolul al 19-lea\u201c<\/p>\n<p>Prelegere de Gerhild Rudolf, Sibiu<\/p>\n<p>21 octombrie 2016<\/p>\n<p>&nbsp;<\/p>\n<p>\u201eReforma \u00een Transilvania. Urm\u0103rile Refomei asupra spa\u0163iului \u015fi inventrarului sacral \u00een Biserica Evangehlic\u0103\u201c<\/p>\n<p>Prezentare cu imagini de Heidrun K\u00f6nig, Sibiu<\/p>\n<p>21 octombrie 2016<\/p>\n<p>&nbsp;<\/p>\n<p>\u201eIconoclasmul exemplificat prin situa\u0163ia din Sibiu. Privire general\u0103\u201c<\/p>\n<p>Prezentare cu imagini de Frank-Thomas Ziegler, Bra\u015fov<\/p>\n<p>21 octombrie 2016<\/p>\n<p>&nbsp;<\/p>\n<p>\u201eInscenarea con\u015ftiin\u0163ei de sine evanghelice \u00een Bra\u015fovul secolului al 18-lea\u201d<\/p>\n<p>Prezentare cu imagini de dr. \u00c1gnes Ziegler, Bra\u015fov<\/p>\n<p>21 octombrie 2016<\/p>\n<p>&nbsp;<\/p>\n<p>\u201eArt\u0103 sacral\u0103 \u00een context european: altarele poliptice din bisericile s\u0103se\u015fti\u201c<\/p>\n<p>Prezentare cu imagini de dr. Emese Sarkadi Nagy, Esztergom<\/p>\n<p>21 octombrie 2016<\/p>\n<p>&nbsp;<\/p>\n<p>\u201eLiteratura postbelic\u0103 a minorit\u0103\u0163ii germane din Rom\u00e2nia \u2013 studiu de caz: romanul &lt;M\u0103nu\u015fi ro\u015fii&gt; de Eginald Schlattner\u201d<\/p>\n<p>prezentare de carte de dr. Michaela Nowotnick, Berlin<\/p>\n<p>2 septembrie 2016<\/p>\n<p>&nbsp;<\/p>\n<p>\u201ePortret Werner Schulze \u2013 compozitor, filozof, poet, dramaturg\u201c<\/p>\n<p>Prelegere de dr. Theresa Leonhardmair \u015fi dr. Werner Schulze<\/p>\n<p>13 mai 2016<\/p>\n<p>&nbsp;<\/p>\n<p>\u201eTranssylvania Mythologica \u2013 Legende \u015fi proverbe s\u0103se\u015fti \u00een imagini\u201d<\/p>\n<p>Deschiderea expozi\u0163iei de Sieglinde Bottesch, artist\u0103<\/p>\n<p>15 aprilie 2016<\/p>\n<p>&nbsp;<\/p>\n<p>\u201eScrierea \u00eentre art\u0103 \u015fi mijloc de comunicare\u201c<\/p>\n<p>Prelegere de Monica Vlaicu, arhivist<\/p>\n<p>4 aprilie 2016<\/p>\n<p>&nbsp;<\/p>\n<p>\u201eTip\u0103rituri de secol XVI din colec\u0163ia Arhivei Centrale a Bisericii Ev. C.A.\u201c<\/p>\n<p>Prelegere de pr. Andr\u00e1s B\u00e1ndi, bibliotecar<\/p>\n<p>4 aprilie 2016<\/p>\n<p>&nbsp;<\/p>\n<p>\u201eBreasla aurarilor din Sibiu, prin prisma documentelor de arhiv\u0103 \u015fi a pieselor de orfevr\u0103rie p\u0103strate p\u00e2n\u0103 \u00een prezent\u201c<\/p>\n<p>Prelegere de dr. Daniela D\u00e2mboiu, istoric de art\u0103<\/p>\n<p>14 martie 2016<\/p>\n<p>&nbsp;<\/p>\n<p>\u201eTrovan\u021bi din Transilvania\u201d<\/p>\n<p>Deschiderea expozi\u0163iei de G\u00fcnter Czernetzky, autor \u015fi regizor<\/p>\n<p>10 martie 2016<\/p>\n<p>&nbsp;<\/p>\n<p>\u201eTransilvania \u00eentre monarhia habsburgic\u0103 \u015fi Imperiul Otoman 1541\u20131699\u201c<\/p>\n<p>Prelegere \u015fi prezentare de carte de dr. dr. Gerald Volkmer, istoric, jurist<\/p>\n<p>7 martie 2016<\/p>\n<p>&nbsp;<\/p>\n<p>\u201eGhidul arhivelor despre istoria germanilor \u00een Bra\u015fov \u015fi \u0162ara B\u00e2rsei. Arhivele statului \u015fi Arhiva Bisericii Negre\u201c<\/p>\n<p>Prezentare de carte de Thomas \u015eindilariu, istoric<\/p>\n<p>7 martie 2016<\/p>\n<p>&nbsp;<\/p>\n<p>\u201eCet\u0103\u0163i biserice\u015fti \u2013 de la stilul romanic p\u00e2n\u0103 la cel baroc\u201c<\/p>\n<p>Prelegere de arh. dr. Hermann Fabini<\/p>\n<p>7 martie 2016<\/p>\n<p>&nbsp;<\/p>\n<p>\u201eL\u0103zile dulghere\u015fti din Br\u0103deni. Repere iconologice\u201c<\/p>\n<p>Prelegere de arh. Heidrun K\u00f6nig, muzeograf<\/p>\n<p>22 februarie \u015fi 21 martie 2016<\/p>\n<p>&nbsp;<\/p>\n<p>\u201eLiric\u0103 din lag\u0103r\u201c<\/p>\n<p>Prezentare de carte de G\u00fcnter Czernetzky, autor,<\/p>\n<p>\u00eempreun\u0103 cu arti\u015fti ai Teatrului Na\u0163ional Radu Stanca<\/p>\n<p>28 ianuarie 2016<\/p>\n<p>&nbsp;<\/p>\n<p>\u201eUn drum c\u00e2t o sut\u0103 de vie\u0163i\u201d<\/p>\n<p>Cuv\u00e2ntare la finisajul expozi\u0163iei de Ren\u00e9e Renard, artist\u0103<\/p>\n<p>16 ianuarie 2016<\/p>\n<p>&nbsp;<\/p>\n<h3>2015<\/h3>\n<p>\u201eSpa\u0163ii sacrale ca locuri memoriale europene \u00een Sibiu. Ora\u015ful \u015fi l\u0103ca\u015furile sale de cult ca obiect al culturii memoriale\u201d<\/p>\n<p>Prelegere de arh. Heidrun K\u00f6nig, muzeograf<\/p>\n<p>10 decembrie 2015<\/p>\n<p>&nbsp;<\/p>\n<p>\u201eProiectul Erasmus+ &lt;Spa\u0163ii sacrale ca locuri memoriale Europene&gt;\u201c<\/p>\n<p>Prelegere de Gerhild Rudolf, referent cultural<\/p>\n<p>10 decembrie 2015<\/p>\n<p>&nbsp;<\/p>\n<p>\u201eProiectul pentru identificarea izvoarelor \u015fi documentelor aflate \u00een proprietate privat\u0103 privitoare la literatura \u015fi cultura german\u0103 din Rom\u00e2nia\u201c<\/p>\n<p>Prelegere de dr. Michaela Nowotnick, filolog germanist<\/p>\n<p>26 noiembrie 2015<\/p>\n<p>&nbsp;<\/p>\n<p>\u201e\u00cenfiin\u0163area \u015fi \u00eensemn\u0103tatea \u015ecolii normale evanghelice de fete din Sighi\u015foara\u201c<\/p>\n<p>Prelegere de dr. Erika Schneider, cercet\u0103tor<\/p>\n<p>12 noiembrie 2015<\/p>\n<p>&nbsp;<\/p>\n<p>\u201eUn drum c\u00e2t o sut\u0103 de vie\u0163i\u201c<\/p>\n<p>Prelegere la vernisaj de Ren\u00e9e Renard, artist\u0103<\/p>\n<p>12 octombrie 2015<\/p>\n<p>&nbsp;<\/p>\n<p>\u201eInfluen\u0163a protestantismului \u00een Europa\u201c<\/p>\n<p>Prelegere de Thomas Greif, jurnalist<\/p>\n<p>29 septembrie 2015<\/p>\n<p>&nbsp;<\/p>\n<p>\u201eImagine educatoarei \u00een decursul vremii\u201c<\/p>\n<p>Prelegere de dr. Eugenia Keresztes, profesoar\u0103<\/p>\n<p>24 septembrie 2015<\/p>\n<p>&nbsp;<\/p>\n<p>\u201eHans Hermann \u2026 cunoscut, necunoscut\u201c<\/p>\n<p>Prelegere la vernisaj de arh. Heidrun K\u00f6nig<\/p>\n<p>5 mai 2015<\/p>\n<p>&nbsp;<\/p>\n<p>\u201e\u00cengrijitorii bisericii\u201c<\/p>\n<p>Cuv\u00e2ntare la vernisaj de Kilian M\u00fcller, Fotograf<\/p>\n<p>11 martie 2015<\/p>\n<p>&nbsp;<\/p>\n<p>&nbsp;<\/p>\n<h3>2014<\/h3>\n<p>\u201ePictorul Michael Barner din Agnita\u201c<\/p>\n<p>Prelegere de dr. Irmgard Sedler, istoric de art\u0103<br \/>\n27 noiembrie 2014<\/p>\n<p>&nbsp;<\/p>\n<p>\u201eFemeile \u00een Biseric\u0103\u201c<\/p>\n<p>Prezentare de dr. Margot K\u00e4\u00dfmann, ambasadoarea Bisericii Protestante din Germania (EKD)<br \/>\n23 octombrie 2014<\/p>\n<p>&nbsp;<\/p>\n<p>\u201eDiakonia \u00een Biserica Evanghelic\u0103 C.A. din Rom\u00e2nia\u201c<\/p>\n<p>Prelegere de Friedrich Philippi, Epitropul Bisericii Generale<br \/>\n21 octombrie 2014<\/p>\n<p>&nbsp;<\/p>\n<p>\u201eRezonan\u0163\u0103 \u015fi opozi\u0163ie. De la biserica popular\u0103 la diaspor\u0103\u201c<\/p>\n<p>Prelegere \u015fi prezentare de carte de prof. Ulrich Wien, teolog \u015fi istoric<br \/>\n23 septembrie 2014<\/p>\n<p>&nbsp;<\/p>\n<p>\u201ePatrie zidit\u0103. Arhitectul Fritz Balthes 1882-1914\u201c<\/p>\n<p>Deschiderea expozi\u0163iei de Gerhild Rudolf, referent cultural<br \/>\n6 iunie 2014<\/p>\n<p>&nbsp;<\/p>\n<p>\u201eArhitectul Fritz Balthes \u2013 Desene, planuri \u015fi construc\u0163ii\u201c<\/p>\n<p>Prelegere de Gerhild Rudolf, referent cultural<br \/>\n31 mai 2014<\/p>\n<p>&nbsp;<\/p>\n<p>\u201eBiblioteca parohial\u0103 din Apoldul de Sus\u201c<\/p>\n<p>Prelegere de Andr\u00e1s B\u00e1ndi, bibliotecar<br \/>\n31 mai 2014<\/p>\n<p>&nbsp;<\/p>\n<p>\u201eDin publica\u0163iile sibiene din perioada primului r\u0103zboi mondial\u201c<\/p>\n<p>Prelegere de Wolfgang H. Rehner, bibliotecar<br \/>\n31 mai 2014<\/p>\n<p>&nbsp;<\/p>\n<p>\u201eL\u0103s\u0103mintele din Arhiva Central\u0103 a Bisericii Ev. C.A. din Rom\u00e2nia\u201c<\/p>\n<p>prelegere de Monica Vlaicu, arhivist<br \/>\n30 mai 2014<\/p>\n<p>&nbsp;<\/p>\n<p>\u201e\u0162elurile \u015fi sarcinile Arhivei Centrale B.E.R. \u00een schimbare, \u00eencep\u00e2nd din 2004\u201c<\/p>\n<p>Prelegere de dr. Wolfram G. Theilemann, directorul arhivei ora\u015fului Nordhausen<br \/>\n30 mai 2014<\/p>\n<p>&nbsp;<\/p>\n<p>\u201ePatrimonium Saxonicum \u2013 Funda\u0163ia pentru protec\u0163ia patrimoniului s\u0103sesc din Transilvania\u201c<\/p>\n<p>Prelegere de arh. Dr. Hermann Fabini<br \/>\n30 mai 2014<\/p>\n<p>&nbsp;<\/p>\n<p>\u201eTrude Schullerus. 125 de ani de la na\u015fterea artistei\u201c<\/p>\n<p>Prelegere de dr. Andreas M\u00f6ckel, conferen\u0163iar<br \/>\n5 mai 2014<\/p>\n<p>&nbsp;<\/p>\n<p>\u201eCrucile de la marginea drumului\u201c<\/p>\n<p>Prelegere de Martin Eichler \u015fi prof. Hans Klein, teolog<br \/>\n10 martie 2014<\/p>\n<p>&nbsp;<\/p>\n<p>\u201eMuzica \u015fi Biserica\u201c<\/p>\n<p>Prelegere \u015fi program muzical de Kurt Philippi, consilier cultural<br \/>\n21 februarie 2014<\/p>\n<p>&nbsp;<\/p>\n<p>\u201eApa \u2013 un drept al omului\u201c<\/p>\n<p>Prelegere de Gerhild Rudolf, referent cultural<br \/>\n3 februarie 2014<\/p>\n<p>&nbsp;<\/p>\n<h3>2013<\/h3>\n<p>\u201eColec\u0163ia de manuale \u00een Casa Teutsch\u201c<\/p>\n<p>Prelegere de Friedrich Philippi,geograf<br \/>\n25 noiembrie 2013<\/p>\n<p>&nbsp;<\/p>\n<p>\u201eScrieri sibiene \u00een limba german\u0103 din secolul al 16-lea\u201c<\/p>\n<p>Prelegere de dr. Dana Dogaru, filolog germanist<br \/>\n11 noiembrie 2013<\/p>\n<p>&nbsp;<\/p>\n<p>\u201eCultura scrisului \u2013 manuscrise medievale. Cercetare \u015fi restaurare\u201d<\/p>\n<p>Prelegere de dr. Adinel Dinc\u0103, istoric.<br \/>\n4 noiembrie 2013<\/p>\n<p>&nbsp;<\/p>\n<p>\u201eArtiste transilv\u0103nene \u00een secolele 19 \u2013 21\u201d<\/p>\n<p>Prelegere de dr. Gudrun-Liane Ittu, istoric de art\u0103<br \/>\n2 septembrie 2013<\/p>\n<p>&nbsp;<\/p>\n<p>\u201eRepresaliile guvernului comunist rom\u00e2n \u00eempotriva minorit\u0103\u0163ii germane \u015fi a Bisericii evanghelice \u00een anii 1945-1964\u201c<\/p>\n<p>Prelegere de Hannelore Baier, istoric \u015fi jurnalist, \u015fi Thomas \u015eindilariu, istoric \u015fi arhivar.<br \/>\n4 iunie 2013<\/p>\n<p>&nbsp;<\/p>\n<p>\u201ePe urmele scriitorilor de limb\u0103 german\u0103 \u00een sudestul Europei\u201c<\/p>\n<p>Prezentare de dr. Andr\u00e1s Balogh, filolog germanist<br \/>\n17 mai 2013<\/p>\n<p>&nbsp;<\/p>\n<p>\u201eGeneva lui Jean Calvin \u015fi Guillaume Farel\u201d<\/p>\n<p>prelegere de dr. Laurent Chrzanovski, arheolog.<br \/>\n12 martie 2013<\/p>\n<p>&nbsp;<\/p>\n<p>\u201e\u00cent\u00e2lnirea cu str\u0103inul\u201c<\/p>\n<p>Prelegere de dr. Sunhild Galter, filolog germanist<br \/>\n4 februarie 2013<\/p>\n<p>&nbsp;<\/p>\n<p>\u201eSigismund M\u00f6\u00df \u2013 creator de altare baroce \u00een Transilvania\u201c<\/p>\n<p>Prelegere de Elisabeth Binder M.A., coordonatoarea Muzeului B.E.R.<br \/>\n22 ianuarie 2013<\/p>\n<h3>2012<\/h3>\n<p>\u201eCine are ochi de v\u0103zut s\u0103 vad\u0103. Pentru Biserica Sf. Ioan, de ziua ei, la 100 de ani\u201d Prelegere festiv\u0103 la serbarea de 100 de ani de la sfin\u0163irea Bisericii Sf. Ioan.<\/p>\n<p>De Frank-Thomas Ziegler, istoric de art\u0103.<br \/>\n10 noiembrie 2012<\/p>\n<p>&nbsp;<\/p>\n<p>\u201eIstoria Arhivei centrale a B.E.R. \u015fi loca\u0163ia sa actual\u0103\u201c<\/p>\n<p>Prelegere de Monica Vlaicu, arhivist.<br \/>\n10 noiembrie 2012<\/p>\n<p>&nbsp;<\/p>\n<p>\u201eMuzic\u0103 din arhiv\u0103. Documentare \u015fi prezentare la org\u0103\u201d<\/p>\n<p>Prezentare de prof. dr. Ursula Philippi, organist.<br \/>\n12 mai \u015fi 10 noiembrie 2012<\/p>\n<p>&nbsp;<\/p>\n<p>\u201eArta aurarilor din Transilvania\u201d<\/p>\n<p>Prezentare de carte \u00een libr\u0103ria-cafenea Erasmus, de Horst Klusch, etnograf.<br \/>\n14 iunie 2012<\/p>\n<p>&nbsp;<\/p>\n<p>\u201eLuteranii din Regat\u201c<\/p>\n<p>Prezentare de carte de dr. Christa Stache, directoarea Arhivei Evanghelice din Berlin<br \/>\n10 martie 2012<\/p>\n<p>&nbsp;<\/p>\n<p>&nbsp;<\/p>\n","protected":false},"excerpt":{"rendered":"<p>Serii de conferin\u0163e \u00een Casa Teutsch Teme interesante de ascultat \u015fi de dezb\u0103tut La intervale diferite organiz\u0103m \u00een sala multifunc\u0163ional\u0103 a Casei Teutsch conferin\u0163e cu diverse tematici. Biserica \u2013 patrimoniul \u2013 arta \u2013 istoria \u2013 societatea &nbsp; Cronica prelegerilor 2019 &nbsp; \u201eBrot. Siebenb\u00fcrgische Perspektiven und evangelische Inspirationen\u201c Prezentare \u00een lb. german\u0103 de Dr. Gerhild Rudolf [&hellip;]<\/p>\n","protected":false},"author":1,"featured_media":2415,"parent":965,"menu_order":0,"comment_status":"closed","ping_status":"closed","template":"","meta":{"footnotes":""},"class_list":["post-1072","page","type-page","status-publish","has-post-thumbnail","czr-hentry"],"_links":{"self":[{"href":"https:\/\/teutsch.ro\/ro\/wp-json\/wp\/v2\/pages\/1072","targetHints":{"allow":["GET"]}}],"collection":[{"href":"https:\/\/teutsch.ro\/ro\/wp-json\/wp\/v2\/pages"}],"about":[{"href":"https:\/\/teutsch.ro\/ro\/wp-json\/wp\/v2\/types\/page"}],"author":[{"embeddable":true,"href":"https:\/\/teutsch.ro\/ro\/wp-json\/wp\/v2\/users\/1"}],"replies":[{"embeddable":true,"href":"https:\/\/teutsch.ro\/ro\/wp-json\/wp\/v2\/comments?post=1072"}],"version-history":[{"count":12,"href":"https:\/\/teutsch.ro\/ro\/wp-json\/wp\/v2\/pages\/1072\/revisions"}],"predecessor-version":[{"id":2067,"href":"https:\/\/teutsch.ro\/ro\/wp-json\/wp\/v2\/pages\/1072\/revisions\/2067"}],"up":[{"embeddable":true,"href":"https:\/\/teutsch.ro\/ro\/wp-json\/wp\/v2\/pages\/965"}],"wp:featuredmedia":[{"embeddable":true,"href":"https:\/\/teutsch.ro\/ro\/wp-json\/wp\/v2\/media\/2415"}],"wp:attachment":[{"href":"https:\/\/teutsch.ro\/ro\/wp-json\/wp\/v2\/media?parent=1072"}],"curies":[{"name":"wp","href":"https:\/\/api.w.org\/{rel}","templated":true}]}}